{"id":1466,"date":"2019-07-31T20:54:02","date_gmt":"2019-07-31T18:54:02","guid":{"rendered":"https:\/\/partnerschaftsverein-adelebsen.de\/?page_id=1466"},"modified":"2025-06-07T17:41:45","modified_gmt":"2025-06-07T15:41:45","slug":"news-portal","status":"publish","type":"page","link":"https:\/\/partnerschaftsverein-adelebsen.de\/pl\/news-portal","title":{"rendered":"Portal informacyjny"},"content":{"rendered":"<p><\/p>\n<hr \/>\n<h2><a href=\"https:\/\/www.polen-pl.eu\/\" target=\"_blank\" rel=\"noopener noreferrer\">Polen &#8211; PL<\/a><\/h2>\n<div class=\"wprss_ajax\" data-id=\"rss81e7c26755\"><img loading=\"lazy\" decoding=\"async\" src=\"https:\/\/partnerschaftsverein-adelebsen.de\/wp-content\/plugins\/wp-rss-retriever\/inc\/imgs\/ajax-loader.gif\" alt=\"Loading RSS Feed\" width=\"16\" height=\"16\"><\/div>\n<hr \/>\n<h2><a href=\"https:\/\/polen-heute.de\/\" target=\"_blank\" rel=\"noopener noreferrer\">Polen Heute<\/a><\/h2>\n<div class=\"wprss_ajax\" data-id=\"rss0cf1dfd711\"><img loading=\"lazy\" decoding=\"async\" src=\"https:\/\/partnerschaftsverein-adelebsen.de\/wp-content\/plugins\/wp-rss-retriever\/inc\/imgs\/ajax-loader.gif\" alt=\"Loading RSS Feed\" width=\"16\" height=\"16\"><\/div>\n<hr \/>\n<h2><a href=\"https:\/\/wszystkoconajwazniejsze.pl\" target=\"_blank\" rel=\"noopener noreferrer\">wszystkoconajwazniejsze.pl<\/a> (Wszystko Co Najwa\u017cniejsze)<\/h2>\n<div class=\"wprss_ajax\" data-id=\"rss79598006b7\"><img loading=\"lazy\" decoding=\"async\" src=\"https:\/\/partnerschaftsverein-adelebsen.de\/wp-content\/plugins\/wp-rss-retriever\/inc\/imgs\/ajax-loader.gif\" alt=\"Loading RSS Feed\" width=\"16\" height=\"16\"><\/div>\n<hr \/>\n<h2>Gazeta <a href=\"https:\/\/wyborcza.pl\/\" target=\"_blank\" rel=\"noopener noreferrer\">Wyborcza.pl<\/a><\/h2>\n<p><span style=\"font-size: 10pt;\">Die \u201eGazeta Wyborcza\u201c ist Teil der Zeitungskooperation <em>Leading European Newspaper Alliance<\/em> (LENA). Dieser geh\u00f6ren daneben die \u201eWelt\u201c aus Deutschland, \u201eLa Repubblica\u201c aus Italien, \u201eEl Pa\u00eds\u201c aus Spanien, \u201eLe Figaro\u201c aus Frankreich, \u201eLe Soir\u201c aus Belgien sowie \u201eLa Tribune de Gen\u00e8ve\u201c und \u201eTages-Anzeiger\u201c aus der Schweiz an.<\/span><\/p>\n<div class=\"wprss_ajax\" data-id=\"rss138b14180c\"><img loading=\"lazy\" decoding=\"async\" src=\"https:\/\/partnerschaftsverein-adelebsen.de\/wp-content\/plugins\/wp-rss-retriever\/inc\/imgs\/ajax-loader.gif\" alt=\"Loading RSS Feed\" width=\"16\" height=\"16\"><\/div>\n<hr \/>\n<h2><a href=\"https:\/\/notesfrompoland.com\/\" target=\"_blank\" rel=\"noopener noreferrer\">NotesFromPoland.com<\/a><\/h2>\n<p>&nbsp;<br \/>\n<div class=\"wprss_ajax\" data-id=\"rsse550b5042e\"><img loading=\"lazy\" decoding=\"async\" src=\"https:\/\/partnerschaftsverein-adelebsen.de\/wp-content\/plugins\/wp-rss-retriever\/inc\/imgs\/ajax-loader.gif\" alt=\"Loading RSS Feed\" width=\"16\" height=\"16\"><\/div><\/p>\n<hr \/>\n<h2><a href=\"https:\/\/polskieradio.pl\/\" target=\"_blank\" rel=\"noopener noreferrer\">Radio Poland<\/a><\/h2>\n<div class=\"wprss_ajax\" data-id=\"rss3630f0a688\"><img loading=\"lazy\" decoding=\"async\" src=\"https:\/\/partnerschaftsverein-adelebsen.de\/wp-content\/plugins\/wp-rss-retriever\/inc\/imgs\/ajax-loader.gif\" alt=\"Loading RSS Feed\" width=\"16\" height=\"16\"><\/div>\n<hr \/>\n<h2><a href=\"https:\/\/pap-mediaroom.pl\/rss.xml\" target=\"_blank\" rel=\"noopener noreferrer\">pap-mediaroom.pl<\/a> der Polska Agencja Prasowa (PAP)<\/h2>\n<div class=\"wprss_ajax\" data-id=\"rss815c389491\"><img loading=\"lazy\" decoding=\"async\" src=\"https:\/\/partnerschaftsverein-adelebsen.de\/wp-content\/plugins\/wp-rss-retriever\/inc\/imgs\/ajax-loader.gif\" alt=\"Loading RSS Feed\" width=\"16\" height=\"16\"><\/div>\n<p><small>(ex-<a href=\"https:\/\/www.thefirstnews.com\/\" target=\"_blank\" rel=\"noopener noreferrer\">theFirstNews.com<\/a>, im externen reader: <a href=\"https:\/\/rss.app\/feed\/RfXCuOcLxlgEiJGt?utm_source=rssviewer&amp;utm_medium=website\" target=\"_blank\" rel=\"noopener noreferrer\">rss.app<\/a>)<\/small><\/p>\n<hr \/>\n<h2><a href=\"https:\/\/businessinsider.com.pl\/\" target=\"_blank\" rel=\"noopener noreferrer\">Businessinsider.com.pl<\/a><\/h2>\n<div class=\"wprss_ajax\" data-id=\"rss33b5f48902\"><img loading=\"lazy\" decoding=\"async\" src=\"https:\/\/partnerschaftsverein-adelebsen.de\/wp-content\/plugins\/wp-rss-retriever\/inc\/imgs\/ajax-loader.gif\" alt=\"Loading RSS Feed\" width=\"16\" height=\"16\"><\/div>\n<hr \/>\n<h2><a href=\"https:\/\/oko.press\/\" target=\"_blank\" rel=\"noopener noreferrer\">OKO.press<\/a><\/h2>\n<div class=\"wprss_ajax\" data-id=\"rss893e0ea027\"><img loading=\"lazy\" decoding=\"async\" src=\"https:\/\/partnerschaftsverein-adelebsen.de\/wp-content\/plugins\/wp-rss-retriever\/inc\/imgs\/ajax-loader.gif\" alt=\"Loading RSS Feed\" width=\"16\" height=\"16\"><\/div>\n<hr \/>\n<h2><a href=\"https:\/\/www.deutschlandfunkkultur.de\/\" target=\"_blank\" rel=\"noopener noreferrer\">DLF Kultur<\/a> Studio 9 \/ Der Tag mit &#8230;<\/h2>\n<div class=\"wprss_ajax\" data-id=\"rssfcfe2d4980\"><img loading=\"lazy\" decoding=\"async\" src=\"https:\/\/partnerschaftsverein-adelebsen.de\/wp-content\/plugins\/wp-rss-retriever\/inc\/imgs\/ajax-loader.gif\" alt=\"Loading RSS Feed\" width=\"16\" height=\"16\"><\/div>\n<hr \/>\n<h2><a href=\"https:\/\/www.dpgberlin.de\/\" target=\"_blank\" rel=\"noopener noreferrer\">Deutsch-Polnische Gesellschaft Berlin<\/a><\/h2>\n<div class=\"wprss_ajax\" data-id=\"rss47d47af5a0\"><img loading=\"lazy\" decoding=\"async\" src=\"https:\/\/partnerschaftsverein-adelebsen.de\/wp-content\/plugins\/wp-rss-retriever\/inc\/imgs\/ajax-loader.gif\" alt=\"Loading RSS Feed\" width=\"16\" height=\"16\"><\/div>\n<hr \/>\n<h2><a href=\"https:\/\/www.deliciouspoland.com\/\" target=\"_blank\" rel=\"noopener noreferrer\">Delicious Poland<\/a><\/h2>\n<div class=\"wprss_ajax\" data-id=\"rss2a2c8259a2\"><img loading=\"lazy\" decoding=\"async\" src=\"https:\/\/partnerschaftsverein-adelebsen.de\/wp-content\/plugins\/wp-rss-retriever\/inc\/imgs\/ajax-loader.gif\" alt=\"Loading RSS Feed\" width=\"16\" height=\"16\"><\/div>\n<hr \/>\n<h2><a href=\"https:\/\/www.tagesschau.de\/thema\/polen\/\" target=\"_blank\" rel=\"noopener noreferrer\">Tagesschau Thema: Polen<\/a><\/h2>\n<p><!--[wp_rss_retriever url=\"http:\/\/www.tagesschau.de\/thema\/polen\/feed\/\" items=\"12\" excerpt=\"82\" read_more=\"true\" credits=\"true\" new_window=\"true\" thumbnail=\"160\" cache=\"7200\"]--><\/p>\n<hr \/>\n<h2><a href=\"https:\/\/www.goethe.de\/ins\/pl\/de\/kul\/mag.html\" target=\"_blank\" rel=\"noopener noreferrer\">Magazin \u201eKULTUR\u201c<\/a> des Goethe-Instituts Polen<\/h2>\n<p><!--[wp_rss_retriever url=\"https:\/\/www.goethe.de\/ins\/pl\/de\/rss\/mag.rss\" items=\"8\" excerpt=\"82\" read_more=\"true\" credits=\"true\" new_window=\"true\" thumbnail=\"160\" cache=\"7200\"]--><\/p>\n<hr \/>\n<h2>Polen in den <a href=\"https:\/\/mediathekviewweb.de\/?query=polen&amp;everywhere=true\" target=\"blank\" rel=\"noopener noreferrer\">MediaTheken<\/a><\/h2>\n<div class=\"wprss_ajax\" data-id=\"rss93de8849e0\"><img loading=\"lazy\" decoding=\"async\" src=\"https:\/\/partnerschaftsverein-adelebsen.de\/wp-content\/plugins\/wp-rss-retriever\/inc\/imgs\/ajax-loader.gif\" alt=\"Loading RSS Feed\" width=\"16\" height=\"16\"><\/div>\n<hr \/>\n<p><!--\n\n\n<h2><a href=\"https:\/\/www.polen-insider.de\/\" target=\"_blank\" rel=\"noopener noreferrer\">polen-insider.de<\/a> (vorm. polando.de)<\/h2>\n\n\n&nbsp;\n[wp_rss_retriever url=\"https:\/\/www.polen-insider.de\/feed\/\" items=\"8\" excerpt=\"82\" read_more=\"true\" credits=\"true\" new_window=\"true\" thumbnail=\"160\" cache=\"7200\"]\n\n\n\n<hr>\n\n\n\n\n\n<h2><a href=\"https:\/\/web.archive.org\/web\/20211220124418\/http:\/\/ourpoland.com\/\" target=\"_blank\" rel=\"noopener noreferrer\">Our Poland<\/a><\/h2>\n\n\n&nbsp;(Zukunft ungewiss)\n[wp_rss_retriever url=\"http:\/\/www.ourpoland.com\/blog\/feed\" items=\"8\" excerpt=\"82\" read_more=\"true\" credits=\"true\" new_window=\"true\" thumbnail=\"160\" cache=\"7200\"]\n\n\n\n<hr>\n\n\n\n--><\/p>\n<h2><a href=\"https:\/\/polandunraveled.com\/\" target=\"_blank\" rel=\"noopener noreferrer\">PolandUnraveled.com<\/a> (vorm. foreignersinpoland.com)<\/h2>\n<div class=\"wprss_ajax\" data-id=\"rssdfe93b2840\"><img loading=\"lazy\" decoding=\"async\" src=\"https:\/\/partnerschaftsverein-adelebsen.de\/wp-content\/plugins\/wp-rss-retriever\/inc\/imgs\/ajax-loader.gif\" alt=\"Loading RSS Feed\" width=\"16\" height=\"16\"><\/div>\n<hr \/>\n<h2><a href=\"https:\/\/www.dw.com\/\" target=\"_blank\" rel=\"noopener noreferrer\">Deutsche Welle Politik<\/a> &#8211; Themen des Tages<\/h2>\n<div class=\"wprss_ajax\" data-id=\"rssaa64476403\"><img loading=\"lazy\" decoding=\"async\" src=\"https:\/\/partnerschaftsverein-adelebsen.de\/wp-content\/plugins\/wp-rss-retriever\/inc\/imgs\/ajax-loader.gif\" alt=\"Loading RSS Feed\" width=\"16\" height=\"16\"><\/div>\n<hr \/>\n<h2><a href=\"https:\/\/partnerschaftsverein-adelebsen.de\/wprss\" target=\"_blank\" rel=\"noopener noreferrer\">News-Archiv<\/a> <small>(mit Feed-Reader-Plug-In)<\/small><\/h2>\n<div class=\"wpra-display align\" data-display-id=\"3\" hx-target=\"this\" hx-swap=\"outerHTML\">    <div class=\"wp-rss-aggregator wpra-list-template \">\n        <ol class=\"rss-aggregator wpra-item-list wpra-item-list--bullets wpra-item-list--numbers\" start=\"1\">\n                <li class=\"wpra-item feed-item \">\n        <a href=\"https:\/\/news.google.com\/rss\/articles\/CBMiigFBVV95cUxPZ3M4UlY5N3RieHR4UDk0YlUtbGI5NlVWd1k1ZzFRXzVxRFZPbW1oUlFRQXVXdTV5Mi1LdTFIOFJuTUk5V21VTzFqYzFNYmt6dnUzQmo0OG1DSUNxZmtGbGZQTDFGMVBKV1JxVmt4VUlQQTZNQjZubWNESERTZ0h3YTRjOG53UHRjZHc?oc=5\" class=\"\" target=\"_blank\" rel=\"\" style=\"\">Man Is Rescued From Inside Garbage Truck in San Francisco - The New York Times<\/a>\n\n        <div class=\"wprss-feed-meta\">\n                <span class=\"feed-source\">\n        \u0179r\u00f3d\u0142o: <a href=\"https:\/\/news.google.com\/news\/rss\/headlines\/section\/geo\/Polen?hl=en&amp;gl=US&amp;ceid=US:en\" class=\"\" target=\"_blank\" rel=\"\" style=\"\">Google News - Thema Polen - en<\/a>\n    <\/span>\n                <span class=\"feed-date\">\n        Opublikowano: 2026-09-03\n    <\/span>\n            \n        <\/div>\n\n        \n    <\/li>    <li class=\"wpra-item feed-item \">\n        <a href=\"https:\/\/news.google.com\/rss\/articles\/CBMiugFBVV95cUxNOHhZVnNtVlhwUDFZVk9EWEN2LXZmTmR6UTYzN0hTclRQazBBeHFQVjFFZ3hRUWJMd2YyUkx4SW1nbzgxcVM4UUh0R1plT1R6a0hwYkpDVXZDTW1sZjBlbV95TnZkbEl0VDA2ekxBWUlGX1ZBWFRTZXRQTGlmZTVlbk9XMTJvRDJNV0xHZWFvb1BwZGVUbnp4WmZjYko0aGU0ZXp3Q0h4VHRBVVl5UzVkVkNyTWdRMjhJb3c?oc=5\" class=\"\" target=\"_blank\" rel=\"\" style=\"\">Trump says he\u2019ll campaign for Republicans in 35 races ahead of the midterms - NBC News<\/a>\n\n        <div class=\"wprss-feed-meta\">\n                <span class=\"feed-source\">\n        \u0179r\u00f3d\u0142o: <a href=\"https:\/\/news.google.com\/news\/rss\/headlines\/section\/geo\/Polen?hl=en&amp;gl=US&amp;ceid=US:en\" class=\"\" target=\"_blank\" rel=\"\" style=\"\">Google News - Thema Polen - en<\/a>\n    <\/span>\n                <span class=\"feed-date\">\n        Opublikowano: 2026-09-03\n    <\/span>\n            \n        <\/div>\n\n        \n    <\/li>    <li class=\"wpra-item feed-item \">\n        <a href=\"https:\/\/news.google.com\/rss\/articles\/CBMiqwFBVV95cUxOOTAxalBMekxHQmg5Z1UyMmlvNjNjZWJtc015S2dUNEdELTNJX0xCZzVKRHJqdVZsc0Z6eEJMUTIzSXk2SlMyajgwaklyT1g2clhDODBmWmlSQUZUWHlHTlN6TFhTeDZ0bUplZzVPdDFMN24yTTVpZWhJOWo1b1l1S2ljeFpXM0c3WUEtdHV2c3h6Z0hIdGVobFAzalFXRWYwU08wdEJkUXJyNHM?oc=5\" class=\"\" target=\"_blank\" rel=\"\" style=\"\">Iran targets US allies in Gulf after overnight attacks, and other Mideast news - AP News<\/a>\n\n        <div class=\"wprss-feed-meta\">\n                <span class=\"feed-source\">\n        \u0179r\u00f3d\u0142o: <a href=\"https:\/\/news.google.com\/news\/rss\/headlines\/section\/geo\/Polen?hl=en&amp;gl=US&amp;ceid=US:en\" class=\"\" target=\"_blank\" rel=\"\" style=\"\">Google News - Thema Polen - en<\/a>\n    <\/span>\n                <span class=\"feed-date\">\n        Opublikowano: 2026-09-03\n    <\/span>\n            \n        <\/div>\n\n        \n    <\/li>    <li class=\"wpra-item feed-item \">\n        <a href=\"https:\/\/news.google.com\/rss\/articles\/CBMiqAFBVV95cUxOSTQ5RWEwemszN1g0ZGdybDJrd0d4MW9sTk43M05welQ3WGZmeWgycERkU0NFck5vMDc4eXBjbmdQSzc0OTNodV9tMXhpTFg1WF9SR2JXOXp3aEVGVjBHSUlwVFR5QWpVdnJodmNfV1FmdEZBeDlhUHNJZVZPeHliVlBQU3hZTXJhNGgzNGZoNURLUWtqOW53OUF2TTJpSEpsNGVBTDVyOUI?oc=5\" class=\"\" target=\"_blank\" rel=\"\" style=\"\">Iran fires on its Gulf neighbors, retaliating for US strikes after a wedding was hit - AP News<\/a>\n\n        <div class=\"wprss-feed-meta\">\n                <span class=\"feed-source\">\n        \u0179r\u00f3d\u0142o: <a href=\"https:\/\/news.google.com\/news\/rss\/headlines\/section\/geo\/Polen?hl=en&amp;gl=US&amp;ceid=US:en\" class=\"\" target=\"_blank\" rel=\"\" style=\"\">Google News - Thema Polen - en<\/a>\n    <\/span>\n                <span class=\"feed-date\">\n        Opublikowano: 2026-09-03\n    <\/span>\n            \n        <\/div>\n\n        \n    <\/li>    <li class=\"wpra-item feed-item \">\n        <a href=\"https:\/\/news.google.com\/rss\/articles\/CBMirgFBVV95cUxNRWZPcW50LVF2TmU5T0FaRllzZmpWVVMzbkItRE9Hd0NOWURVckdQc3RmNUhYQmdfUXJxMm1IV3ZWenZNRnhiX3VkX2JmcWpjcmUyS3dsMTVyZzd2ZU9FNE1FYWtHQWhlOHdSYkdER21ZR2k4RVZiWVpUU2dlR3NwN0xTMXpTTkNybENpSkpIQ3hIaXgxc3VzTjk1NTFBcjJTU1VVbEE0MmRSMGlVWkE?oc=5\" class=\"\" target=\"_blank\" rel=\"\" style=\"\">Sinister theory emerges over backroad into Yosemite as California lawmakers move to shut it down - New York Post<\/a>\n\n        <div class=\"wprss-feed-meta\">\n                <span class=\"feed-source\">\n        \u0179r\u00f3d\u0142o: <a href=\"https:\/\/news.google.com\/news\/rss\/headlines\/section\/geo\/Polen?hl=en&amp;gl=US&amp;ceid=US:en\" class=\"\" target=\"_blank\" rel=\"\" style=\"\">Google News - Thema Polen - en<\/a>\n    <\/span>\n                <span class=\"feed-date\">\n        Opublikowano: 2026-09-03\n    <\/span>\n            \n        <\/div>\n\n        \n    <\/li>    <li class=\"wpra-item feed-item \">\n        <a href=\"https:\/\/news.google.com\/rss\/articles\/CBMixgFBVV95cUxQdVJYMjhSZ2FIaDdCSlN2WXBvcERXTHVwZDZQd01hS04zZVJfRjMyamxOUGNyZWN5TFpJS0lLb3g0bmFuYVI3Vk1iV09lUFNCX3BYN1JlU2NxcUNMUHU2RGNhWFBKbFJJRGxiUDFDRG9MNE5YakV3eXFWbjVYWEtEWHAwa1YzRG9NLVZwd05LTUx5QjFfb1c1WHhjaTJqUVdDd3Q0c0cwMHZTVVhqMFRoX0ZiVFdwRXptZGlYemNlTFU4ZzQ1V2c?oc=5\" class=\"\" target=\"_blank\" rel=\"\" style=\"\">Pentagon cuts access to classified information amid Iran war concerns - The Washington Post<\/a>\n\n        <div class=\"wprss-feed-meta\">\n                <span class=\"feed-source\">\n        \u0179r\u00f3d\u0142o: <a href=\"https:\/\/news.google.com\/news\/rss\/headlines\/section\/geo\/Polen?hl=en&amp;gl=US&amp;ceid=US:en\" class=\"\" target=\"_blank\" rel=\"\" style=\"\">Google News - Thema Polen - en<\/a>\n    <\/span>\n                <span class=\"feed-date\">\n        Opublikowano: 2026-09-03\n    <\/span>\n            \n        <\/div>\n\n        \n    <\/li>    <li class=\"wpra-item feed-item \">\n        <a href=\"https:\/\/news.google.com\/rss\/articles\/CBMiugFBVV95cUxONU1vSlZIRGdNUDM3VGR4Y1N4N2hKWEhjaGN1b2hlM1VpWlkxLTQzdjF2V1RqTF9QT2ZoOEdUQUc4Z0YwNFhPMjVZZUhQV2dGaEVSVVo2MmE0T2V4T2FVaGg5elhtaUpwLXBNTFB5Mnl3eGhzeEREVU03cGZYa1lCZmlSQVhYQTU4TkdVajYzLV8yTUhwZlhubWhKZV9mWlJQMDVrZk8wWU5kQ0RjTE9fNUI5ZFFXTG45M1E?oc=5\" class=\"\" target=\"_blank\" rel=\"\" style=\"\">Minneapolis shooting: Two dead and several injured after gunfire at apartment block - Sky News<\/a>\n\n        <div class=\"wprss-feed-meta\">\n                <span class=\"feed-source\">\n        \u0179r\u00f3d\u0142o: <a href=\"https:\/\/news.google.com\/news\/rss\/headlines\/section\/geo\/Polen?hl=en&amp;gl=US&amp;ceid=US:en\" class=\"\" target=\"_blank\" rel=\"\" style=\"\">Google News - Thema Polen - en<\/a>\n    <\/span>\n                <span class=\"feed-date\">\n        Opublikowano: 2026-09-03\n    <\/span>\n            \n        <\/div>\n\n        \n    <\/li>    <li class=\"wpra-item feed-item \">\n        <a href=\"https:\/\/news.google.com\/rss\/articles\/CBMiowFBVV95cUxPRWgxRGlNVC1BQUNiS1ZjS3ZPUlV3ZWdGM2FrNUtKbGlCWExpUnhjWUFOUVJiclctU2lRaUJVSXJ5bGVRbDQwZ19LNkFBUDJtRFo5X0FoRS1ZYkZ1by1nUlNLZW9QVlRXbnlmbktqc0JGR1A3djNlSjNsMGxWSjRZc3BkVHJvWFREY2Y4Rm9DSEh3akhjeVlLVkRvN0lwcHJsbWpZ?oc=5\" class=\"\" target=\"_blank\" rel=\"\" style=\"\">Trump encouraged Army secretary to stay in job - washingtonpost.com<\/a>\n\n        <div class=\"wprss-feed-meta\">\n                <span class=\"feed-source\">\n        \u0179r\u00f3d\u0142o: <a href=\"https:\/\/news.google.com\/news\/rss\/headlines\/section\/geo\/Polen?hl=en&amp;gl=US&amp;ceid=US:en\" class=\"\" target=\"_blank\" rel=\"\" style=\"\">Google News - Thema Polen - en<\/a>\n    <\/span>\n                <span class=\"feed-date\">\n        Opublikowano: 2026-09-03\n    <\/span>\n            \n        <\/div>\n\n        \n    <\/li>    <li class=\"wpra-item feed-item \">\n        <a href=\"https:\/\/news.google.com\/rss\/articles\/CBMiswFBVV95cUxNeUZwa2JSV1dfS2Z3Znh3OGo1eEFUdkJFd1hLVGQwQkZfREIwT3k2QU5rLVlmckM0X0Y1VEhDX0NjZGtmMnlObHhCbTdCdlNocDdHSlpad1pFRllVYURzRkhIa3hIMHAydjVxMjRxRWU1Z1lSckFEa0ZwczJNUThzZG03QlZwWXdTV293WUFGTUxSZU5hZXU2bjd3NGQ1ZDBQbDkydVhKcDh6T09lc0l3RS1oMNIBuAFBVV95cUxQX0VSbmw4XzBDU0UxbDFSUXhwUFJ6NGptc1QzcnIwZWFUZDBqQnFaZ3dSc2VvQmxlZkNIU2FNLWFWc3RiQWpEamVkNWdLdjFfcC1XTUpXeEROTGVCdnQtUlZvNldQc2c3X25LWEFYT21EUjlzUmZxWUlfZDU1cXJOMVNhaTFUYlk0MTAzX1g0ekY4cHFYN28zRXJPVVMyLUoyX0FsQlVUbDJHc2IxMWdLeUVHZnZITFFp?oc=5\" class=\"\" target=\"_blank\" rel=\"\" style=\"\">Venezuela\u2019s Maduro asserts immunity in US court, urges dismissal of charges - Al Jazeera<\/a>\n\n        <div class=\"wprss-feed-meta\">\n                <span class=\"feed-source\">\n        \u0179r\u00f3d\u0142o: <a href=\"https:\/\/news.google.com\/news\/rss\/headlines\/section\/geo\/Polen?hl=en&amp;gl=US&amp;ceid=US:en\" class=\"\" target=\"_blank\" rel=\"\" style=\"\">Google News - Thema Polen - en<\/a>\n    <\/span>\n                <span class=\"feed-date\">\n        Opublikowano: 2026-09-03\n    <\/span>\n            \n        <\/div>\n\n        \n    <\/li>    <li class=\"wpra-item feed-item \">\n        <a href=\"https:\/\/news.google.com\/rss\/articles\/CBMikAFBVV95cUxNV2twUW55cm9PVUpydTVVR0hGVTlFMEh0TmJTOGUyVW82RUZBaHp6UGxLSTdIck5DTU1GUWNyRjR0ODdUVEp3aXkxV2psWUxwNEx0ejQxdkdjZ3BwaDZNU1RYcVBSRmZpdUNiVlFHSmxzWVAxR05TdjdhUDUxWHBVRlp1WmNSZHN1bGNRcFBSVzE?oc=5\" class=\"\" target=\"_blank\" rel=\"\" style=\"\">Live: Three dead, including suspect, in Minneapolis shooting; three officers injured - Star Tribune<\/a>\n\n        <div class=\"wprss-feed-meta\">\n                <span class=\"feed-source\">\n        \u0179r\u00f3d\u0142o: <a href=\"https:\/\/news.google.com\/news\/rss\/headlines\/section\/geo\/Polen?hl=en&amp;gl=US&amp;ceid=US:en\" class=\"\" target=\"_blank\" rel=\"\" style=\"\">Google News - Thema Polen - en<\/a>\n    <\/span>\n                <span class=\"feed-date\">\n        Opublikowano: 2026-09-03\n    <\/span>\n            \n        <\/div>\n\n        \n    <\/li>    <li class=\"wpra-item feed-item \">\n        <a href=\"https:\/\/news.google.com\/rss\/articles\/CBMimwFBVV95cUxPRDlwd2xSMGFVcXRwdi1TZnpGNEdZRGZKODctQjlvYkhXT2R4QXdfWWhaY1EtczVEQzV0VTVxTWhpVVRDcE9ENUhMbVo3TXNpVTl0T2xYdFBBR2J2T2ltMXBYbHRUZ3NOejJEaUFuWHgxc20zakhZRkRjVkFSZGduZl9CNnlPLTBxcmF6MGVHanVqSWM3ckQxT0RGOA?oc=5\" class=\"\" target=\"_blank\" rel=\"\" style=\"\">Patagonia sues Trump over slashing of protected areas in Utah - The Guardian<\/a>\n\n        <div class=\"wprss-feed-meta\">\n                <span class=\"feed-source\">\n        \u0179r\u00f3d\u0142o: <a href=\"https:\/\/news.google.com\/news\/rss\/headlines\/section\/geo\/Polen?hl=en&amp;gl=US&amp;ceid=US:en\" class=\"\" target=\"_blank\" rel=\"\" style=\"\">Google News - Thema Polen - en<\/a>\n    <\/span>\n                <span class=\"feed-date\">\n        Opublikowano: 2026-09-03\n    <\/span>\n            \n        <\/div>\n\n        \n    <\/li>    <li class=\"wpra-item feed-item \">\n        <a href=\"https:\/\/news.google.com\/rss\/articles\/CBMiiAFBVV95cUxOVlp3ay1OdE1LRHFqMnpEX0xmNkVZS1NLSHF1c2xmZ3p5UFRGMDdjeXhxZ2hPMHFmNG8wbU1OUWUxSTFwNUs1cm1oaFVxaFFaUGItb1p2NUdVNU9iNnhET1hRczFHejVUQlZUd25FVEVzUDJaSjJCNU5tQ0RsRDdIYzhlUVhRX3kw?oc=5\" class=\"\" target=\"_blank\" rel=\"\" style=\"\">Trump expresses confidence after US military carries out strikes on Iran - Fox News<\/a>\n\n        <div class=\"wprss-feed-meta\">\n                <span class=\"feed-source\">\n        \u0179r\u00f3d\u0142o: <a href=\"https:\/\/news.google.com\/news\/rss\/headlines\/section\/geo\/Polen?hl=en&amp;gl=US&amp;ceid=US:en\" class=\"\" target=\"_blank\" rel=\"\" style=\"\">Google News - Thema Polen - en<\/a>\n    <\/span>\n                <span class=\"feed-date\">\n        Opublikowano: 2026-09-03\n    <\/span>\n            \n        <\/div>\n\n        \n    <\/li>    <li class=\"wpra-item feed-item \">\n        <a href=\"https:\/\/news.google.com\/rss\/articles\/CBMirAFBVV95cUxQeTZhVmZ3VFFvT0VUNm1wUHhHajNVMkZQYnkxMnRKZUZsc2hmTGdtQzM5SGJUODVTZDlNNG5fSHhSRUloaE0wRDVZdzNlRjJ0eHZUNWJQRFRxeS0zNmtnaGZyejQ2OENVN2ZKeE9ON3NQTUUzQV9rRUNEMk1VX3c4eG96S3Z6bnExTF9uNHFyY2d3Y2pLeFF6X09hRDdXRHVDc3RuX3RVbnNvMUpU0gGyAUFVX3lxTE0tQWJOSDJSSDY2ZUViVUljNXh1RGNoWFNHVXg4OXFzRmlqdkI5NHlTYVhtWUlQVmVmZXI4dk9NQk1jeXFpNlNzeFVWU25iNjdMYmtkYUUwUWQwSmNUUTRMeHA0YkdyQnRKUFRDeFF2VmhUMXptU3hXVkNTZFpkVElTczB4MG9zV1N3QmM2ZFVFQkFMQS1lcDVWQ096dWpLSXltbURXN2lFUXBURDY5UnRLX3c?oc=5\" class=\"\" target=\"_blank\" rel=\"\" style=\"\">US judge blocks Trump\u2019s latest effort to limit birthright citizenship - Al Jazeera<\/a>\n\n        <div class=\"wprss-feed-meta\">\n                <span class=\"feed-source\">\n        \u0179r\u00f3d\u0142o: <a href=\"https:\/\/news.google.com\/news\/rss\/headlines\/section\/geo\/Polen?hl=en&amp;gl=US&amp;ceid=US:en\" class=\"\" target=\"_blank\" rel=\"\" style=\"\">Google News - Thema Polen - en<\/a>\n    <\/span>\n                <span class=\"feed-date\">\n        Opublikowano: 2026-09-03\n    <\/span>\n            \n        <\/div>\n\n        \n    <\/li>    <li class=\"wpra-item feed-item \">\n        <a href=\"https:\/\/news.google.com\/rss\/articles\/CBMikAFBVV95cUxNeUY5RDVMaG9WMTE1ZHVocE9lUWVQWXNiOFBGY3dUc3hOdTVIYzRtNkwyV0VJYTRPcnNSR2hoYkh6Q2JFQ3RYS2JQSTlVeXhrcF9XVzBVeVA5OEdxSVp1RHZ1QmhWX1FXM3lYVWdVeEF0T1V5TFh0cS1scmdZd2d2RVg2aE0wd3Z5T1gxRE5BbkI?oc=5\" class=\"\" target=\"_blank\" rel=\"\" style=\"\">US oil giant Chevron confirms it will expand operations in Venezuela - AP News<\/a>\n\n        <div class=\"wprss-feed-meta\">\n                <span class=\"feed-source\">\n        \u0179r\u00f3d\u0142o: <a href=\"https:\/\/news.google.com\/news\/rss\/headlines\/section\/geo\/Polen?hl=en&amp;gl=US&amp;ceid=US:en\" class=\"\" target=\"_blank\" rel=\"\" style=\"\">Google News - Thema Polen - en<\/a>\n    <\/span>\n                <span class=\"feed-date\">\n        Opublikowano: 2026-09-03\n    <\/span>\n            \n        <\/div>\n\n        \n    <\/li>    <li class=\"wpra-item feed-item \">\n        <a href=\"https:\/\/news.google.com\/rss\/articles\/CBMid0FVX3lxTFB3RGd5WnpXcjVhaks1czFxTUl3NFlDdnFDYWpCOWxSXzN3VUgtdnRTR2lxWjBoVExHX0JHSVFQa2h1VWlCMFVWNFNITG80N1RUckxpM29zTEdHMGhtSnk4RlNoVVhNN2JHcjNDRGl5aW1OZFY1Mk9V?oc=5\" class=\"\" target=\"_blank\" rel=\"\" style=\"\">In Small Iranian Town, a U.S. Attack Turns a Wedding Into a Tragedy - nytimes.com<\/a>\n\n        <div class=\"wprss-feed-meta\">\n                <span class=\"feed-source\">\n        \u0179r\u00f3d\u0142o: <a href=\"https:\/\/news.google.com\/news\/rss\/headlines\/section\/geo\/Polen?hl=en&amp;gl=US&amp;ceid=US:en\" class=\"\" target=\"_blank\" rel=\"\" style=\"\">Google News - Thema Polen - en<\/a>\n    <\/span>\n                <span class=\"feed-date\">\n        Opublikowano: 2026-09-03\n    <\/span>\n            \n        <\/div>\n\n        \n    <\/li>    <li class=\"wpra-item feed-item \">\n        <a href=\"https:\/\/news.google.com\/rss\/articles\/CBMidkFVX3lxTE1RcTRRQXVzck5QX2RLN19XZktIZWFDcWFqWVZ4TVNtV3pFY0Q1cmo1aENYRHRHajJsUXZSdktMREd6UlJQbGpsTkFUQ1c2V29GaXlrbDVNLXR2NlZrSWhHak5yUUhWNV9waGFVRE9nZUNkX3ppSXc?oc=5\" class=\"\" target=\"_blank\" rel=\"\" style=\"\">Trump\u2019s Lake Ontario push forces tech to pick a side - politico.com<\/a>\n\n        <div class=\"wprss-feed-meta\">\n                <span class=\"feed-source\">\n        \u0179r\u00f3d\u0142o: <a href=\"https:\/\/news.google.com\/news\/rss\/headlines\/section\/geo\/Polen?hl=en&amp;gl=US&amp;ceid=US:en\" class=\"\" target=\"_blank\" rel=\"\" style=\"\">Google News - Thema Polen - en<\/a>\n    <\/span>\n                <span class=\"feed-date\">\n        Opublikowano: 2026-09-03\n    <\/span>\n            \n        <\/div>\n\n        \n    <\/li>    <li class=\"wpra-item feed-item \">\n        <a href=\"https:\/\/news.google.com\/rss\/articles\/CBMirgFBVV95cUxPaGpwVVBCeVNvZE5lV3RCSFl0M2E1cnZlZS0wMjVSRFlrS1E5ZXFWSml2MGdKZEFMaHlSRFc1Ylc1WkRPTy1IaEpRZzFrbFpBZFJJbmw4RnVYaDJxWDFUQ3hlVk9JMUJ5Zk1HXzQ1Z2RxbVpWN2dTa3lFTzdwN3V3QjFTb20tSEdkOTRnQS10eUEwaFBQWlcxSmQwbUZxRmhCOEptYXhaTWJyNGpnV0E?oc=5\" class=\"\" target=\"_blank\" rel=\"\" style=\"\">Live Updates: Trump says U.S. prepared to strike Iran \"anytime we want\" after carrying out \"very heavy attack\" - CBS News<\/a>\n\n        <div class=\"wprss-feed-meta\">\n                <span class=\"feed-source\">\n        \u0179r\u00f3d\u0142o: <a href=\"https:\/\/news.google.com\/news\/rss\/headlines\/section\/geo\/Polen?hl=en&amp;gl=US&amp;ceid=US:en\" class=\"\" target=\"_blank\" rel=\"\" style=\"\">Google News - Thema Polen - en<\/a>\n    <\/span>\n                <span class=\"feed-date\">\n        Opublikowano: 2026-09-03\n    <\/span>\n            \n        <\/div>\n\n        \n    <\/li>    <li class=\"wpra-item feed-item \">\n        <a href=\"https:\/\/news.google.com\/rss\/articles\/CBMiogFBVV95cUxNV0hITVBrLVM3WWRKeFBKb3pFbFBYby1ZNlgxdW9rSmVxaHZkTUZJWGg2MTJOQ1NsOG4yYVdaQzRpRnltM01zdmhrSV93RE5zanhhOVVjdmtZa0kwYS1uek1BOTNhc1hlWXdSbHRZVDBBMm92SGFZTWlCSnJVbUo3WlMtWlVDaVltS2dmRmFydGpSMEczN1FvLVJjLUpnZnJrQ1HSAacBQVVfeXFMT1NUaVZxX0I2dnJBTEFRaGk3WDNjTm1rbzVXR2NoTElfSE01VXNKUjZSLU1wWFV2b2tJLTY1ZXZXODNRLXVjcEtlYksyR0NZNm1DR2xJWVZrT29GcU9Lc3FOVDE5QzNFWmlSQ1hTOHdIaF8tMU1lVEZZTFg1RlFDYnRBYkpMaUo3RkRpWUx0VXVMaEFxSmdRSC02VXVubUkzcFVTcFRIQUE?oc=5\" class=\"\" target=\"_blank\" rel=\"\" style=\"\">US launches $1 coin featuring Trump\u2019s face: What to know - Al Jazeera<\/a>\n\n        <div class=\"wprss-feed-meta\">\n                <span class=\"feed-source\">\n        \u0179r\u00f3d\u0142o: <a href=\"https:\/\/news.google.com\/news\/rss\/headlines\/section\/geo\/Polen?hl=en&amp;gl=US&amp;ceid=US:en\" class=\"\" target=\"_blank\" rel=\"\" style=\"\">Google News - Thema Polen - en<\/a>\n    <\/span>\n                <span class=\"feed-date\">\n        Opublikowano: 2026-09-03\n    <\/span>\n            \n        <\/div>\n\n        \n    <\/li>    <li class=\"wpra-item feed-item \">\n        <a href=\"https:\/\/news.google.com\/rss\/articles\/CBMizAFBVV95cUxNX0ZKWWZLcVpQQ1dXcnhKTk5nV2xJN24tR1VyZHU1emF5NmFITFJ2Nm51clFybGFYdUZaUllMYjdlaHY5SG1LelFoRHlZaENSekZjQ09hd2R6bTdHdHZQX01QSWtvbFNTQmhFRVRVSTVCcWRTNWwtS3c0TzdleC0zRy1hX1lWZU5Ma1A2Y1lTLWtfRmFHSG9SUkVSRnByWVpwUjZ1Nml4a2YwZ2RMaGRVdjJ5NHFNdHhyQWk3MTNSWFExT2FaSVpHTzRsRGI?oc=5\" class=\"\" target=\"_blank\" rel=\"\" style=\"\">Plane carrying DHS Secretary Mullin makes emergency landing after engine failure - The Washington Post<\/a>\n\n        <div class=\"wprss-feed-meta\">\n                <span class=\"feed-source\">\n        \u0179r\u00f3d\u0142o: <a href=\"https:\/\/news.google.com\/news\/rss\/headlines\/section\/geo\/Polen?hl=en&amp;gl=US&amp;ceid=US:en\" class=\"\" target=\"_blank\" rel=\"\" style=\"\">Google News - Thema Polen - en<\/a>\n    <\/span>\n                <span class=\"feed-date\">\n        Opublikowano: 2026-09-03\n    <\/span>\n            \n        <\/div>\n\n        \n    <\/li>    <li class=\"wpra-item feed-item \">\n        <a href=\"https:\/\/news.google.com\/rss\/articles\/CBMixAFBVV95cUxOM2Raay03bDMyNkpXbFJBTmttMVlWT3FDQ2w0N1ZVa2YzOHlQSDhyU05PdDN5amh4Um9ibU05QXJnSE5WVFNqOFRKSjdhckNwdTRnZDJJN3VOUHhpSWxYTGxNY3lBaHhycjBUbFZpeW9Td3hjRkJraTVhU0xDbzVPamU0SjVrQzRIVTAzUDdTTDlfbDAxOWdXT3ozeXk2QWstRnA3QVRRVmZTZWp3UTg5anFOYjBpdWI1NWRmT3lfNEQteHU2?oc=5\" class=\"\" target=\"_blank\" rel=\"\" style=\"\">Federal judge blocks Trump\u2019s latest order limiting birthright citizenship - NBC News<\/a>\n\n        <div class=\"wprss-feed-meta\">\n                <span class=\"feed-source\">\n        \u0179r\u00f3d\u0142o: <a href=\"https:\/\/news.google.com\/news\/rss\/headlines\/section\/geo\/Polen?hl=en&amp;gl=US&amp;ceid=US:en\" class=\"\" target=\"_blank\" rel=\"\" style=\"\">Google News - Thema Polen - en<\/a>\n    <\/span>\n                <span class=\"feed-date\">\n        Opublikowano: 2026-09-03\n    <\/span>\n            \n        <\/div>\n\n        \n    <\/li>    <li class=\"wpra-item feed-item \">\n        <a href=\"https:\/\/news.google.com\/rss\/articles\/CBMitgFBVV95cUxNaHFDM1dmaUFjMlgtdjNrTEpxNldhU3ktNFMtNFByNzUxbU1idjdYVUFVd0o2dnJNNzRKUTJUbjcxbFhwTWE0TVhjM2N5ZGlaSUJ4Vm9OVUdtWmEtNDBjVTlNX3ZFcWVSUTBiM20yaWpkR1FDMC1VUDJGTXFwZ3piVzJHeEVCN0treW5JVlhRc3J1OVJYaDJxT0EzTHJZY3NZQkxoa3gzbXFiZVluajV2Z0pLNTZmUQ?oc=5\" class=\"\" target=\"_blank\" rel=\"\" style=\"\">Presented with bleak polling, the White House moves to make the midterms about Trump - NBC News<\/a>\n\n        <div class=\"wprss-feed-meta\">\n                <span class=\"feed-source\">\n        \u0179r\u00f3d\u0142o: <a href=\"https:\/\/news.google.com\/news\/rss\/headlines\/section\/geo\/Polen?hl=en&amp;gl=US&amp;ceid=US:en\" class=\"\" target=\"_blank\" rel=\"\" style=\"\">Google News - Thema Polen - en<\/a>\n    <\/span>\n                <span class=\"feed-date\">\n        Opublikowano: 2026-09-03\n    <\/span>\n            \n        <\/div>\n\n        \n    <\/li>    <li class=\"wpra-item feed-item \">\n        <a href=\"https:\/\/news.google.com\/rss\/articles\/CBMihgFBVV95cUxQVFVWY1Fidi16clBZLVNlZmV6eXJwaHpsZk5xU0g0czdtOWVrYmZYYWN1UzZOTzJSWEhMS3AxZzltcEVSVG5JZkZtMUh1dXBxOVpyZDdiejdZMXN1Tk9EVlhTRktGdWZpQjhXQXhWdW1tWjU3UTNHM0dJQXdlWVd5UlE2WkpCQQ?oc=5\" class=\"\" target=\"_blank\" rel=\"\" style=\"\">Hakeem Jeffries slammed a \u2018breach of trust.\u2019 Democrats want to know what he\u2019ll do about it. - politico.com<\/a>\n\n        <div class=\"wprss-feed-meta\">\n                <span class=\"feed-source\">\n        \u0179r\u00f3d\u0142o: <a href=\"https:\/\/news.google.com\/news\/rss\/headlines\/section\/geo\/Polen?hl=en&amp;gl=US&amp;ceid=US:en\" class=\"\" target=\"_blank\" rel=\"\" style=\"\">Google News - Thema Polen - en<\/a>\n    <\/span>\n                <span class=\"feed-date\">\n        Opublikowano: 2026-09-03\n    <\/span>\n            \n        <\/div>\n\n        \n    <\/li>    <li class=\"wpra-item feed-item \">\n        <a href=\"https:\/\/news.google.com\/rss\/articles\/CBMipAFBVV95cUxPQlNTWXFCSEppQTJ2RDN4dTNRTk13TmhBRWdtRU9MekFtb2tpWlgzSlpMdzFfQ2owcVBJc0FxTHZJWXR2YWIzTXNfX1RxNmEzZTlfb1BzUTBfWGJlZVVaaEtiRVFNb09MOXhwUG1SdXB5ZWdpOVQxSVoxcjNqRGhtTGlET3NNbTUzNWpHRlIyWU9faFU5aHBTRTN3YzNQSmRqVTA0Zw?oc=5\" class=\"\" target=\"_blank\" rel=\"\" style=\"\">New York City to ban generative AI until high school - The Washington Post<\/a>\n\n        <div class=\"wprss-feed-meta\">\n                <span class=\"feed-source\">\n        \u0179r\u00f3d\u0142o: <a href=\"https:\/\/news.google.com\/news\/rss\/headlines\/section\/geo\/Polen?hl=en&amp;gl=US&amp;ceid=US:en\" class=\"\" target=\"_blank\" rel=\"\" style=\"\">Google News - Thema Polen - en<\/a>\n    <\/span>\n                <span class=\"feed-date\">\n        Opublikowano: 2026-09-03\n    <\/span>\n            \n        <\/div>\n\n        \n    <\/li>    <li class=\"wpra-item feed-item \">\n        <a href=\"https:\/\/news.google.com\/rss\/articles\/CBMikwFBVV95cUxPX1JWcUQxTThOMV92UWYyTVV2TVZtei1jUXdPaDEtdi15bDRQWjkxYmZUM3lBaURveXVmaUxvbG5ZMFp3OEk5bVJzSFBNZ0JkZzg0TUpUSFM2WElvcTd2WFlobGt6bDR3YU9QbFRwVzJIM3owVmM2aHYzdTl3X25HaWxQaTFwcTRFU28wUVFtX3JlbU0?oc=5\" class=\"\" target=\"_blank\" rel=\"\" style=\"\">Two killed, others injured and suspect dead in shooting at Minneapolis apartment building - NBC News<\/a>\n\n        <div class=\"wprss-feed-meta\">\n                <span class=\"feed-source\">\n        \u0179r\u00f3d\u0142o: <a href=\"https:\/\/news.google.com\/news\/rss\/headlines\/section\/geo\/Polen?hl=en&amp;gl=US&amp;ceid=US:en\" class=\"\" target=\"_blank\" rel=\"\" style=\"\">Google News - Thema Polen - en<\/a>\n    <\/span>\n                <span class=\"feed-date\">\n        Opublikowano: 2026-09-03\n    <\/span>\n            \n        <\/div>\n\n        \n    <\/li>    <li class=\"wpra-item feed-item \">\n        <a href=\"https:\/\/news.google.com\/rss\/articles\/CBMimAFBVV95cUxNQU9rdUVoazJ5TW5ZZTNickhzZ0YteC1fbXNha29DRE9sQkRzMllzeXJGOThSdDhRbDhVNjRUQWVsMXQtTGZ1RnRGbUkyUWxiUFhyWFlORDdkSHJ5ZWhBbDZGejJUTjdiVjlxQko5b0xOTmVaYkVYYWVjM2VhNnd1cGk1R0VHT2cwN3g5clUtNkdMVTE3eU80eA?oc=5\" class=\"\" target=\"_blank\" rel=\"\" style=\"\">Pentagon Pete Launches Desperate Cover-Up After Bombshell Leak - The Daily Beast<\/a>\n\n        <div class=\"wprss-feed-meta\">\n                <span class=\"feed-source\">\n        \u0179r\u00f3d\u0142o: <a href=\"https:\/\/news.google.com\/news\/rss\/headlines\/section\/geo\/Polen?hl=en&amp;gl=US&amp;ceid=US:en\" class=\"\" target=\"_blank\" rel=\"\" style=\"\">Google News - Thema Polen - en<\/a>\n    <\/span>\n                <span class=\"feed-date\">\n        Opublikowano: 2026-09-03\n    <\/span>\n            \n        <\/div>\n\n        \n    <\/li>    <li class=\"wpra-item feed-item \">\n        <a href=\"https:\/\/news.google.com\/rss\/articles\/CBMipwFBVV95cUxPOTdTOVkxMVpTcUNqSmFUd0R5S1J2RUg5aW1mRGVubU5aOU9fQnEwbW9aWHhjQXF2TndxMzE1d19zX2c3a0twYWUyYWpvbWNkeXVlRmZxM0EzR1ZSeGJ4c2ZEbFRybWlEWVBnNXpSamdBZDg1Q05oaGFWSnMyc291dmM4bUlWTHAwZVRXWWdRQzItUHlGMjczd0dUdXFLckFHQ1dvM3BkMA?oc=5\" class=\"\" target=\"_blank\" rel=\"\" style=\"\">19-year-old found dead, staff member hurt in Virginia elementary school shooting - wset.com<\/a>\n\n        <div class=\"wprss-feed-meta\">\n                <span class=\"feed-source\">\n        \u0179r\u00f3d\u0142o: <a href=\"https:\/\/news.google.com\/news\/rss\/headlines\/section\/geo\/Polen?hl=en&amp;gl=US&amp;ceid=US:en\" class=\"\" target=\"_blank\" rel=\"\" style=\"\">Google News - Thema Polen - en<\/a>\n    <\/span>\n                <span class=\"feed-date\">\n        Opublikowano: 2026-09-03\n    <\/span>\n            \n        <\/div>\n\n        \n    <\/li>    <li class=\"wpra-item feed-item \">\n        <a href=\"https:\/\/news.google.com\/rss\/articles\/CBMiogFBVV95cUxPZTRYNjZGMjVoRGVkd0s0aXNTemZIWVNsOEUyUkJvd2dHdGZYcmVPaFNLbXktUXpUbE8yRjRuVTBWZ1JBU1Y5SUdFaFdaaWp4cXZxX0ptNThIZjlwRTRfSHplMmQ2M0t6Ym8tWm5BU0l0MUxNcjdYSDJJZzA5RFF1SndrM3Y1TkJaTEh5dExDQ3F5NWxQdDZlMWh5eDlHU2U0RHfSAacBQVVfeXFMUHQtQlN5ZkJUbmhSNVdEa0xHRFgwTW0tSEluVmZLVklTaUlYR1RqM01JMHdrVnd1Vjl0V3M2WEpxbVZFSjRKbDduY3JlVDdjbHNEc1d1QUNBUWF5Rkt0SGRMNU9HRVFBZlJYWHd6ZkdwWlFFa3k5Q0tPTVAtZlpZTGhtTHZwamNoNHpVbFVWRDRXX05SSmh1UGpOTThxVUE2SVN2ZVVDS0k?oc=5\" class=\"\" target=\"_blank\" rel=\"\" style=\"\">Police officers shot among multiple victims in downtown Minneapolis shooting - Fox News<\/a>\n\n        <div class=\"wprss-feed-meta\">\n                <span class=\"feed-source\">\n        \u0179r\u00f3d\u0142o: <a href=\"https:\/\/news.google.com\/news\/rss\/headlines\/section\/geo\/Polen?hl=en&amp;gl=US&amp;ceid=US:en\" class=\"\" target=\"_blank\" rel=\"\" style=\"\">Google News - Thema Polen - en<\/a>\n    <\/span>\n                <span class=\"feed-date\">\n        Opublikowano: 2026-09-03\n    <\/span>\n            \n        <\/div>\n\n        \n    <\/li>    <li class=\"wpra-item feed-item \">\n        <a href=\"https:\/\/news.google.com\/rss\/articles\/CBMiggFBVV95cUxQY281ZW95TGloNk1CdDBpd0hWSHdBU01JRWtmQmU1TmUzSVA2NGk5WTM5WklRMGhKNVRsNkZtbzI1NE1CZ19SLVNtaExnZTA0WTdNeDFjdzdEdVhjaUlBNVZEdm9aRF9XT1pESTAtUlRLSHpaRDlTc2N4bDBTdlhRZ2Zn?oc=5\" class=\"\" target=\"_blank\" rel=\"\" style=\"\">Judge blocks Trump\u2019s birthright citizenship order aimed at \u2018birth tourism\u2019 - Politico<\/a>\n\n        <div class=\"wprss-feed-meta\">\n                <span class=\"feed-source\">\n        \u0179r\u00f3d\u0142o: <a href=\"https:\/\/news.google.com\/news\/rss\/headlines\/section\/geo\/Polen?hl=en&amp;gl=US&amp;ceid=US:en\" class=\"\" target=\"_blank\" rel=\"\" style=\"\">Google News - Thema Polen - en<\/a>\n    <\/span>\n                <span class=\"feed-date\">\n        Opublikowano: 2026-09-03\n    <\/span>\n            \n        <\/div>\n\n        \n    <\/li>    <li class=\"wpra-item feed-item \">\n        <a href=\"https:\/\/news.google.com\/rss\/articles\/CBMiigFBVV95cUxOcUw0QnA3VzBfTVRKclNnTGEtYV9WZlVOVC1NNE9fRlVnRGh4eVRFZ1VTM09Vb042bG0tVmdIOHh1SlhucG9zcWR0VW5IZTdWcmZEZS1yTUc4LW9WNVJXUjdjUldZenpUUWt6bTRtVlJWWkpEaUZaUEVLQTdPaHhJTGxVNnRqQk1nUnc?oc=5\" class=\"\" target=\"_blank\" rel=\"\" style=\"\">More rounds of thunderstorms threaten the Susquehanna Valley - WGAL<\/a>\n\n        <div class=\"wprss-feed-meta\">\n                <span class=\"feed-source\">\n        \u0179r\u00f3d\u0142o: <a href=\"https:\/\/news.google.com\/news\/rss\/headlines\/section\/geo\/Polen?hl=en&amp;gl=US&amp;ceid=US:en\" class=\"\" target=\"_blank\" rel=\"\" style=\"\">Google News - Thema Polen - en<\/a>\n    <\/span>\n                <span class=\"feed-date\">\n        Opublikowano: 2026-09-03\n    <\/span>\n            \n        <\/div>\n\n        \n    <\/li>    <li class=\"wpra-item feed-item \">\n        <a href=\"https:\/\/news.google.com\/rss\/articles\/CBMie0FVX3lxTE9pS2xsUjVGZWV6MG96OWpLM0lBYTVoQ3ZsSGtYOEt4eXRHZXlwUkJqSFRqZVFjc3c5Skx6OW5vaFlSOU56SlRTaFR1UmNDRlk0QmIwd1ZoSUF3MzRGRGwwd2Q3Nkp5TGNTY2ltVi10dV9XVmpGbTY3NS02SQ?oc=5\" class=\"\" target=\"_blank\" rel=\"\" style=\"\">1 dead and several injured in downtown Minneapolis shooting that wounded 2 police officers, officials say - CNN<\/a>\n\n        <div class=\"wprss-feed-meta\">\n                <span class=\"feed-source\">\n        \u0179r\u00f3d\u0142o: <a href=\"https:\/\/news.google.com\/news\/rss\/headlines\/section\/geo\/Polen?hl=en&amp;gl=US&amp;ceid=US:en\" class=\"\" target=\"_blank\" rel=\"\" style=\"\">Google News - Thema Polen - en<\/a>\n    <\/span>\n                <span class=\"feed-date\">\n        Opublikowano: 2026-09-03\n    <\/span>\n            \n        <\/div>\n\n        \n    <\/li>    <li class=\"wpra-item feed-item \">\n        <a href=\"https:\/\/news.google.com\/rss\/articles\/CBMi0gFBVV95cUxQWk9qYVNsaVlEYUhENmhvb0c4VlJsNmhFTkRiYjRXdnljRHg1VDY2a3hzalJSUWduUTdIRUdWMW8wWXVIRkJzeXg0YWVTb0RGZS1QSkJVWEowNUdmTDU1c0VQVDhmM2pkTWRCWHBjN29LczJQSXJoN2RjT1Bxa1NVNkhNM0RtOFBLdDk2SGUwSGRyNzF5UmtFWVRXbURST1RMa2hjaGtKSXVDV1NIMTNYU2xfV1gydTZHaXlyRGpqeDdHWHRUQkVIV29LTmNhOTlZVnc?oc=5\" class=\"\" target=\"_blank\" rel=\"\" style=\"\">Thune Tries to Carve Out Lane for GOP on Data Centers Beyond Trump\u2019s \u2018Poor\u2019 People Bombast - Talking Points Memo<\/a>\n\n        <div class=\"wprss-feed-meta\">\n                <span class=\"feed-source\">\n        \u0179r\u00f3d\u0142o: <a href=\"https:\/\/news.google.com\/news\/rss\/headlines\/section\/geo\/Polen?hl=en&amp;gl=US&amp;ceid=US:en\" class=\"\" target=\"_blank\" rel=\"\" style=\"\">Google News - Thema Polen - en<\/a>\n    <\/span>\n                <span class=\"feed-date\">\n        Opublikowano: 2026-09-03\n    <\/span>\n            \n        <\/div>\n\n        \n    <\/li>    <li class=\"wpra-item feed-item \">\n        <a href=\"https:\/\/news.google.com\/rss\/articles\/CBMikgFBVV95cUxOWUJpN3BJZ0lwMDhHMHQ5b0wwdlgzUzAzNkpHV2Y0a0RkLXZJY2FqVmpaZnJMNnRBSWpQOWg3T2ZFSzNxWHRXZjFnYllsaVppaU5hU1lEN0YyZjdtZ05aZlNycEJ4N2VibF9vU0tsSnlVNFEwMmJyXzFINnRCZDlDSGlxUmFfdy0wcEVXeUF5NTczUQ?oc=5\" class=\"\" target=\"_blank\" rel=\"\" style=\"\">Minneapolis police responding to shooting that injured several, including 2 officers - CBS News<\/a>\n\n        <div class=\"wprss-feed-meta\">\n                <span class=\"feed-source\">\n        \u0179r\u00f3d\u0142o: <a href=\"https:\/\/news.google.com\/news\/rss\/headlines\/section\/geo\/Polen?hl=en&amp;gl=US&amp;ceid=US:en\" class=\"\" target=\"_blank\" rel=\"\" style=\"\">Google News - Thema Polen - en<\/a>\n    <\/span>\n                <span class=\"feed-date\">\n        Opublikowano: 2026-09-03\n    <\/span>\n            \n        <\/div>\n\n        \n    <\/li>    <li class=\"wpra-item feed-item \">\n        <a href=\"https:\/\/news.google.com\/rss\/articles\/CBMikwFBVV95cUxQZ214U0NyTkpOVWhNZUhkWmRYLURJdE5vdS1FUG1maXlXRElONWVSYnNVTzBOQ3ZTQVg4YkxxYmVZMkpmRDFZdkozYkpzNWM5dUJDUXJiNjJyZ1VYUUp4U05QcTQwdkZwZ1p3WmREUzllTW01RUlTMDQ1SU1kSTJLMWtMQ0ZLazBVMTQtVkZrdEIyNk0?oc=5\" class=\"\" target=\"_blank\" rel=\"\" style=\"\">What is the Tuey-Rodriguez instruction, aka 'dynamite charge,' given in Lindsay Clancy's trial? - WCVB<\/a>\n\n        <div class=\"wprss-feed-meta\">\n                <span class=\"feed-source\">\n        \u0179r\u00f3d\u0142o: <a href=\"https:\/\/news.google.com\/news\/rss\/headlines\/section\/geo\/Polen?hl=en&amp;gl=US&amp;ceid=US:en\" class=\"\" target=\"_blank\" rel=\"\" style=\"\">Google News - Thema Polen - en<\/a>\n    <\/span>\n                <span class=\"feed-date\">\n        Opublikowano: 2026-09-03\n    <\/span>\n            \n        <\/div>\n\n        \n    <\/li>    <li class=\"wpra-item feed-item \">\n        <a href=\"https:\/\/news.google.com\/rss\/articles\/CBMipAFBVV95cUxOMFA0dVhNZVJ0d2V0V01MSGc0YmxKc2ZMZlN5MzBpcjBjcTltMktCRm1JZnpLeXBHWjB0ZW9tdWpiN19fdUk0UktTcFNoV1U3ZkJFZXhtZ3RWNkpmYXVZNHA5S2RITXF3bl9PeGZ3MUFsS3hiaEowWHpndmFjcFpLVVB4aXR6N1ZyYWNNRE9LZGJfSGxVbUtkSXk5RGJHQzFqdXRuUw?oc=5\" class=\"\" target=\"_blank\" rel=\"\" style=\"\">Wojna o Morskie Oko. Obro\u0144cy zwierz\u0105t chc\u0105 przej\u0105\u0107 transport - WP Wiadomo\u015bci<\/a>\n\n        <div class=\"wprss-feed-meta\">\n                <span class=\"feed-source\">\n        \u0179r\u00f3d\u0142o: <a href=\"https:\/\/news.google.com\/news\/rss\/headlines\/section\/geo\/Polen?hl=pl&amp;gl=PL&amp;ceid=PL:pl\" class=\"\" target=\"_blank\" rel=\"\" style=\"\">Google News - Thema Polen - pl<\/a>\n    <\/span>\n                <span class=\"feed-date\">\n        Opublikowano: 2026-08-20\n    <\/span>\n            \n        <\/div>\n\n        \n    <\/li>    <li class=\"wpra-item feed-item \">\n        <a href=\"https:\/\/news.google.com\/rss\/articles\/CBMivgFBVV95cUxQQlhxaGxTQWlDYk85UzJfaHhOVFhGNi13VGowbGQ0TGRKTzR0djhySV8tNW13VW9BeTdGWXY2TlVUM0c4YzQ4Zi13cUJmVnBtcGtrQ1l5Z2p5U19lREtZQkdzZmF3OFBBRnRSWW4yMnJkenR3RzhSMXhfR21kaDNWbWlid19LWXFHNmp5YU1VRzlKUW05c2xyZ1hwWkJhWHJjVUk5eUNkVU1VU05XVXduTzhMSmM0RDliS0ctd0pB?oc=5\" class=\"\" target=\"_blank\" rel=\"\" style=\"\">\"Prawa r\u0119ka Tuska\" trafi do TK? Pose\u0142 Polski 2050: Robi\u0142 prawo, nie polityk\u0119 - PolsatNews.pl<\/a>\n\n        <div class=\"wprss-feed-meta\">\n                <span class=\"feed-source\">\n        \u0179r\u00f3d\u0142o: <a href=\"https:\/\/news.google.com\/news\/rss\/headlines\/section\/geo\/Polen?hl=pl&amp;gl=PL&amp;ceid=PL:pl\" class=\"\" target=\"_blank\" rel=\"\" style=\"\">Google News - Thema Polen - pl<\/a>\n    <\/span>\n                <span class=\"feed-date\">\n        Opublikowano: 2026-08-20\n    <\/span>\n            \n        <\/div>\n\n        \n    <\/li>    <li class=\"wpra-item feed-item \">\n        <a href=\"https:\/\/news.google.com\/rss\/articles\/CBMitAFBVV95cUxPeG5BcE1YaHpZTm5ORmRoZFpINHB1UTJyX2lFZDJhYjBXZXNGWTdhalBMX0JicUd1WmFPRHJHaDEwOTFuNm96WnFkdGVmQjNlclk2dmlyZ3FfYXdVa1Z6cWEyekk4UUx3RnNYY1dQeTB6bGUxRE0xYm1EVnZCS1haSE91cTU5eERyN1FVM3lwNzdJTU12SVhQakhqcHE3SFZOanZBWXNnMmpaeEdyQXF0UElNM2M?oc=5\" class=\"\" target=\"_blank\" rel=\"\" style=\"\">\"Powiemy za du\u017co i co b\u0119dzie?\" Te\u015bciowie Jowity Zieli\u0144skiej przem\u00f3wili - o2<\/a>\n\n        <div class=\"wprss-feed-meta\">\n                <span class=\"feed-source\">\n        \u0179r\u00f3d\u0142o: <a href=\"https:\/\/news.google.com\/news\/rss\/headlines\/section\/geo\/Polen?hl=pl&amp;gl=PL&amp;ceid=PL:pl\" class=\"\" target=\"_blank\" rel=\"\" style=\"\">Google News - Thema Polen - pl<\/a>\n    <\/span>\n                <span class=\"feed-date\">\n        Opublikowano: 2026-08-20\n    <\/span>\n            \n        <\/div>\n\n        \n    <\/li>    <li class=\"wpra-item feed-item \">\n        <a href=\"https:\/\/news.google.com\/rss\/articles\/CBMirgFBVV95cUxQQWlGZlRmODU0LWVKOVZsNkE3RHdIX0pzQ2x0blpjZVlIOHh4YnB2cG5KcFRiR1JON3J0Rms1N0FScFRSS3I4WW90czdQblh1M0lVWGE2MFJHQko2Z2JqMmY1ckRPVXVyQUNORVhsVEh4Y1dydll1STdOdC1jUkgwd3VXVFQ3QUw5d09Ma0stUl9WVzlUNHJwNWplRWpQczN6RHNqOHcxRE9uTUVfb3c?oc=5\" class=\"\" target=\"_blank\" rel=\"\" style=\"\">Nie przedstawia si\u0119 polskim nazwiskiem. Tak wspomina ojczyzn\u0119 rodzic\u00f3w - WP Kobieta<\/a>\n\n        <div class=\"wprss-feed-meta\">\n                <span class=\"feed-source\">\n        \u0179r\u00f3d\u0142o: <a href=\"https:\/\/news.google.com\/news\/rss\/headlines\/section\/geo\/Polen?hl=pl&amp;gl=PL&amp;ceid=PL:pl\" class=\"\" target=\"_blank\" rel=\"\" style=\"\">Google News - Thema Polen - pl<\/a>\n    <\/span>\n                <span class=\"feed-date\">\n        Opublikowano: 2026-08-20\n    <\/span>\n            \n        <\/div>\n\n        \n    <\/li>    <li class=\"wpra-item feed-item \">\n        <a href=\"https:\/\/news.google.com\/rss\/articles\/CBMisgFBVV95cUxNWEdzVEEzQXN0ZDFLYkxKaG5kUEoyai1WOUlyM0t5RmZ4NTdJTFpBMUhhclNSaDFEbDlOWFBpMVROYzdXU3c0UHNsWFV3eHE5aHhxTzNMN3AzaUVJWnpRZ2oyQ0VPMEJtc0p2ZEJfb1RESW1qTmNxVVpBM1hIVlAyY2xUclgzOGpKeTFyR1FEYnd1MXppaVd6WjlQaHJLOUNwRmtLdjZOenBCajJLUUVfVThB?oc=5\" class=\"\" target=\"_blank\" rel=\"\" style=\"\">Pobicie pary Ukrai\u0144c\u00f3w we Wroc\u0142awiu. Trzeci sprawca na celowniku \u015bledczych - Fakt<\/a>\n\n        <div class=\"wprss-feed-meta\">\n                <span class=\"feed-source\">\n        \u0179r\u00f3d\u0142o: <a href=\"https:\/\/news.google.com\/news\/rss\/headlines\/section\/geo\/Polen?hl=pl&amp;gl=PL&amp;ceid=PL:pl\" class=\"\" target=\"_blank\" rel=\"\" style=\"\">Google News - Thema Polen - pl<\/a>\n    <\/span>\n                <span class=\"feed-date\">\n        Opublikowano: 2026-08-20\n    <\/span>\n            \n        <\/div>\n\n        \n    <\/li>    <li class=\"wpra-item feed-item \">\n        <a href=\"https:\/\/news.google.com\/rss\/articles\/CBMilAFBVV95cUxOTzA5ajFkeXVKX1Vnc1BfZ21XWlBBdzNxT25PRXloN09TUUFhODhpcDgzem9acTJFOE5JY0p1ZFZ2a0FPbGxrN08tMHl2YUJaVG1TWjJCZ0xLOEl3RVNmNGc0ODV2T3FreDJUbDE2Tkl0QlVCaDNUSm01TTFvVHYza3VZRmlvZGpBVnh5LUdhVXhfS29P?oc=5\" class=\"\" target=\"_blank\" rel=\"\" style=\"\">Wypadek na W\u0119grzech. Drugi kierowca ucina plotki - WP Wiadomo\u015bci<\/a>\n\n        <div class=\"wprss-feed-meta\">\n                <span class=\"feed-source\">\n        \u0179r\u00f3d\u0142o: <a href=\"https:\/\/news.google.com\/news\/rss\/headlines\/section\/geo\/Polen?hl=pl&amp;gl=PL&amp;ceid=PL:pl\" class=\"\" target=\"_blank\" rel=\"\" style=\"\">Google News - Thema Polen - pl<\/a>\n    <\/span>\n                <span class=\"feed-date\">\n        Opublikowano: 2026-08-20\n    <\/span>\n            \n        <\/div>\n\n        \n    <\/li>    <li class=\"wpra-item feed-item \">\n        <a href=\"https:\/\/news.google.com\/rss\/articles\/CBMiqgFBVV95cUxNSnFQVjU4X09sVU1aeDhQR0ZZTUtVcmoyUE5TNzdWX25Wd2ZaaERFVHJHYnpIM200aVZuY0xVRDBaZHRNRFFNdEllN3otaDhzNENOTnRQclhvYXBxNlVtX3BsXzQyTEdzUF80Tlg0RDdUSUlhaHlHQmNPbXNIWFFWRU9mY0FkUGd4b2NneG9lZTg5b1pMT2ItOTZlR0FzOGN5elJZOXVjb3pfdw?oc=5\" class=\"\" target=\"_blank\" rel=\"\" style=\"\">Napad\u0142 na 14-letniego ch\u0142opca. Posz\u0142o o e-papierosa za 200 z\u0142 - o2<\/a>\n\n        <div class=\"wprss-feed-meta\">\n                <span class=\"feed-source\">\n        \u0179r\u00f3d\u0142o: <a href=\"https:\/\/news.google.com\/news\/rss\/headlines\/section\/geo\/Polen?hl=pl&amp;gl=PL&amp;ceid=PL:pl\" class=\"\" target=\"_blank\" rel=\"\" style=\"\">Google News - Thema Polen - pl<\/a>\n    <\/span>\n                <span class=\"feed-date\">\n        Opublikowano: 2026-08-20\n    <\/span>\n            \n        <\/div>\n\n        \n    <\/li>    <li class=\"wpra-item feed-item \">\n        <a href=\"https:\/\/news.google.com\/rss\/articles\/CBMiugFBVV95cUxQSFhCS2dKTGdDR1FKYm9HQjJ1WGVMWTYybF9PM0ZXSkRnaVM0bUh5TzJKYXFRcVh2b25jRVdNNVRqT3FBN2kwRzFoWHJwWXpnVnlReHZTUWpwZ2FmRjB1eFRvZnpzSFE4RUk3MEtwT1NsVXM2ZjJoVzVmeWxIaktVLUw2QWNnbS04bWtEdGNwSFRENFF5TGRORzhoMklNRmVuZ0ZoUklQb2FYeEh3ek8xdWE3RlFTSGZhb1E?oc=5\" class=\"\" target=\"_blank\" rel=\"\" style=\"\">Zmiany podatkowe rz\u0105du. Pe\u0142czy\u0144ska-Na\u0142\u0119cz: diabe\u0142 tkwi w szczeg\u00f3\u0142ach - Money.pl<\/a>\n\n        <div class=\"wprss-feed-meta\">\n                <span class=\"feed-source\">\n        \u0179r\u00f3d\u0142o: <a href=\"https:\/\/news.google.com\/news\/rss\/headlines\/section\/geo\/Polen?hl=pl&amp;gl=PL&amp;ceid=PL:pl\" class=\"\" target=\"_blank\" rel=\"\" style=\"\">Google News - Thema Polen - pl<\/a>\n    <\/span>\n                <span class=\"feed-date\">\n        Opublikowano: 2026-08-20\n    <\/span>\n            \n        <\/div>\n\n        \n    <\/li>    <li class=\"wpra-item feed-item \">\n        <a href=\"https:\/\/news.google.com\/rss\/articles\/CBMioAFBVV95cUxNeVZzZGlRSUtNM2JpRmRqT2pEVThOS2wteEdGZFZQVnNRTzEtZkhVUE5JVEFBSkljUkRoek82Ull2a2tvczE2ZHFNenZycy1VeXVXSEJpcDVVeDFzSDhSakNiVzZLcFRmNGJqTlBKdG9Qa1NOeFM0TXVzS1czNTkwZVp1NmI3SE5QaVVBRHJwbE9LeTlEN0RKOWNHOEVDaEVu0gGfAUFVX3lxTFB2ZUtGYnQ3VzdscmZCVXRsMmFQcWEyS1JDd05kaUxKU2pibzM1LTl1UWJZSVN3NjJvLWxzS2NCMVVic3FaUDZwSmsxOTd2TE5sODZvZnFkNHpaNkZUak00OWUycWtuMWVEZWpUM0tvUE9maUQ4dEJncHV1dm1vS2dRTXlfMXpZc1IxamM3NmMybG1ZVi1OLU93T3lVeEE3SQ?oc=5\" class=\"\" target=\"_blank\" rel=\"\" style=\"\">Sonda\u017c: 76 proc. Polak\u00f3w uwa\u017ca, \u017ce Nawrocki dzia\u0142a na korzy\u015b\u0107 PiS - Do Rzeczy<\/a>\n\n        <div class=\"wprss-feed-meta\">\n                <span class=\"feed-source\">\n        \u0179r\u00f3d\u0142o: <a href=\"https:\/\/news.google.com\/news\/rss\/headlines\/section\/geo\/Polen?hl=pl&amp;gl=PL&amp;ceid=PL:pl\" class=\"\" target=\"_blank\" rel=\"\" style=\"\">Google News - Thema Polen - pl<\/a>\n    <\/span>\n                <span class=\"feed-date\">\n        Opublikowano: 2026-08-20\n    <\/span>\n            \n        <\/div>\n\n        \n    <\/li>    <li class=\"wpra-item feed-item \">\n        <a href=\"https:\/\/news.google.com\/rss\/articles\/CBMiywFBVV95cUxPcjFnVnZ4Ymk1T2E3Tzdfb1gxSk5VU1FlU19zTGN4ZnRDMGhpOVg0WEs4ZFRKUVQtNkVlUGVaQU12MkN1Z3F0c0FnY1B0ZXFxN3hyX1Qyc0dDRWItcW9vRUltaVc1R2xFM2pRVl82WWNsbGNKTEx5bExqTkRicHBYVmNXdkFObm90S0RETjFLd2d0NWJmQnl3UzJELUhoaEhuTDhEYlJOTHg5VTdtbGg2a0hEZVNmQk8ySXBmbmpMazNybndpY2htUUNhOA?oc=5\" class=\"\" target=\"_blank\" rel=\"\" style=\"\">Pani Basia i wlewy z rozpuszczalnika. Zleca\u0142a je praktykuj\u0105ca lekarka [Testament, odcinek 2] - WP Wiadomo\u015bci<\/a>\n\n        <div class=\"wprss-feed-meta\">\n                <span class=\"feed-source\">\n        \u0179r\u00f3d\u0142o: <a href=\"https:\/\/news.google.com\/news\/rss\/headlines\/section\/geo\/Polen?hl=pl&amp;gl=PL&amp;ceid=PL:pl\" class=\"\" target=\"_blank\" rel=\"\" style=\"\">Google News - Thema Polen - pl<\/a>\n    <\/span>\n                <span class=\"feed-date\">\n        Opublikowano: 2026-08-20\n    <\/span>\n            \n        <\/div>\n\n        \n    <\/li>    <li class=\"wpra-item feed-item \">\n        <a href=\"https:\/\/news.google.com\/rss\/articles\/CBMirwFBVV95cUxQQjkyRTU2X0ZvZmhlY3dyR0o1WFFSTmtjaHcyRGFNVi1CLUh5cGowY1pudGh0bVFUVHRDNE5Rc190ZlE2dTg4WkZHZHA4dDRacEpjZ0NCZnNiWm9HbTZjRTZGcG84NW1yMVNYd21SRWk4NERtWVpiT082M2JWRmxqc1V3QVBhQ0ZwZ0JmSmdHQ01QM0Y2eWU2ZENXTzBJNDQ5Sk1tT1pmTHFXZldNem0w?oc=5\" class=\"\" target=\"_blank\" rel=\"\" style=\"\">Sikorski us\u0142ysza\u0142 o pomy\u015ble Morawieckiego i nie wytrzyma\u0142. \"Niech sami jad\u0105\" - Wiadomo\u015bci Onet<\/a>\n\n        <div class=\"wprss-feed-meta\">\n                <span class=\"feed-source\">\n        \u0179r\u00f3d\u0142o: <a href=\"https:\/\/news.google.com\/news\/rss\/headlines\/section\/geo\/Polen?hl=pl&amp;gl=PL&amp;ceid=PL:pl\" class=\"\" target=\"_blank\" rel=\"\" style=\"\">Google News - Thema Polen - pl<\/a>\n    <\/span>\n                <span class=\"feed-date\">\n        Opublikowano: 2026-08-20\n    <\/span>\n            \n        <\/div>\n\n        \n    <\/li>    <li class=\"wpra-item feed-item \">\n        <a href=\"https:\/\/news.google.com\/rss\/articles\/CBMiqwFBVV95cUxOTFN5V3VkMU5xYld1LUtZZk9zMzd3TzlFY3J0LUY3RTJBZTJwVG10UHl4VjFPMUY1ZGhxellDNTE0Z0RXc1c0QVpSSHhnZ1F6ejJhYVJCd044YWdkRDFWZFZ5emV6Y2JpSkJhQjZKcVB0R0ZjOEVQbk9kUjFZRDdsMjNMa3hHRmN1aEZCV3QzVGt3VldfSUM3cFVnelg1Q01RUXZaWkVVUklDNVU?oc=5\" class=\"\" target=\"_blank\" rel=\"\" style=\"\">Niszczy m\u00f3zg, jest przyczyn\u0105 raka. Szkodzi ju\u017c jeden kieliszek - WP abcZdrowie<\/a>\n\n        <div class=\"wprss-feed-meta\">\n                <span class=\"feed-source\">\n        \u0179r\u00f3d\u0142o: <a href=\"https:\/\/news.google.com\/news\/rss\/headlines\/section\/geo\/Polen?hl=pl&amp;gl=PL&amp;ceid=PL:pl\" class=\"\" target=\"_blank\" rel=\"\" style=\"\">Google News - Thema Polen - pl<\/a>\n    <\/span>\n                <span class=\"feed-date\">\n        Opublikowano: 2026-08-20\n    <\/span>\n            \n        <\/div>\n\n        \n    <\/li>    <li class=\"wpra-item feed-item \">\n        <a href=\"https:\/\/news.google.com\/rss\/articles\/CBMitAFBVV95cUxPS2xoaGdMZkI1blNJamJNUVVIRTNXVnRzZ1BXQ0RSdVZ3U0NKS1RwTWJHN1lYT3JWdnU2ckhGTUU2Zy1RMmhLVXFnbzhuMk5vTkFDYndHY0R2X3ZwVEthSWhoYnRqVzJlM2FoNk9Hd2hzamRyc2MyT3YwZld5T3V3MEN2UWhuZG82ZjdTWFZ0MFJFVWFWTldJMzFjYjZGeFN5QjRlUEdZamNhekxqMk1LQWx6MDQ?oc=5\" class=\"\" target=\"_blank\" rel=\"\" style=\"\">Ks. Rafa\u0142 Cieszy\u0144ski uton\u0105\u0142 w Dar\u0142\u00f3wku. Pog\u0142oski o czerwonej fladze - Fakt<\/a>\n\n        <div class=\"wprss-feed-meta\">\n                <span class=\"feed-source\">\n        \u0179r\u00f3d\u0142o: <a href=\"https:\/\/news.google.com\/news\/rss\/headlines\/section\/geo\/Polen?hl=pl&amp;gl=PL&amp;ceid=PL:pl\" class=\"\" target=\"_blank\" rel=\"\" style=\"\">Google News - Thema Polen - pl<\/a>\n    <\/span>\n                <span class=\"feed-date\">\n        Opublikowano: 2026-08-20\n    <\/span>\n            \n        <\/div>\n\n        \n    <\/li>    <li class=\"wpra-item feed-item \">\n        <a href=\"https:\/\/news.google.com\/rss\/articles\/CBMirwFBVV95cUxQZF8ybVMzT21qUTYyejQ3MWp1UWVnbkIzc2NKNFh0XzV1OGpfNjZwMk5sY1MzQUxjMEpNaU1kZkxzRTNCT2pMSk5iRmQ5VDRvODgxN0VtNWFZQ2ExaHI4UzBjS3VuRkp2c2xZNHJSa0VOdFZ6Y2ZET19nTDA5VE94RVBJOG9tMUZpbUtNNk96ZmRzdGdxSDZJSGtZaDZXeUU3bEdfT01UUEZNaUhGZkdB?oc=5\" class=\"\" target=\"_blank\" rel=\"\" style=\"\">Koniec szpitala w Miastku. \"Za inne stawki lekarze nie chcieli tu przyj\u015b\u0107\" - Fakt<\/a>\n\n        <div class=\"wprss-feed-meta\">\n                <span class=\"feed-source\">\n        \u0179r\u00f3d\u0142o: <a href=\"https:\/\/news.google.com\/news\/rss\/headlines\/section\/geo\/Polen?hl=pl&amp;gl=PL&amp;ceid=PL:pl\" class=\"\" target=\"_blank\" rel=\"\" style=\"\">Google News - Thema Polen - pl<\/a>\n    <\/span>\n                <span class=\"feed-date\">\n        Opublikowano: 2026-08-20\n    <\/span>\n            \n        <\/div>\n\n        \n    <\/li>    <li class=\"wpra-item feed-item \">\n        <a href=\"https:\/\/news.google.com\/rss\/articles\/CBMipAFBVV95cUxNY2JaclhDakpyUGlpajVMRG1fNUhfX3JUZ1c4N01xMXB1azdhcWM5cUhpSU9fWERiZ3dDRWpCcjdhNlEwekNGeTJ5dXdqN1NRMENEMzVoOGdPSnhHMzQ1Sk1kdmd4VDMtQTByRWNrV0RsaHc2WnJqV2dRcWxmVWVxVmt4SmRVcFQyT3o3eHJCWFdfd2dSZ09qSC1GbTJZU2QyeVBNMg?oc=5\" class=\"\" target=\"_blank\" rel=\"\" style=\"\">Romanowski w Naddniestrzu? By\u0142y mieszkaniec: nie musia\u0142by si\u0119 tam kry\u0107 - Fakt<\/a>\n\n        <div class=\"wprss-feed-meta\">\n                <span class=\"feed-source\">\n        \u0179r\u00f3d\u0142o: <a href=\"https:\/\/news.google.com\/news\/rss\/headlines\/section\/geo\/Polen?hl=pl&amp;gl=PL&amp;ceid=PL:pl\" class=\"\" target=\"_blank\" rel=\"\" style=\"\">Google News - Thema Polen - pl<\/a>\n    <\/span>\n                <span class=\"feed-date\">\n        Opublikowano: 2026-08-20\n    <\/span>\n            \n        <\/div>\n\n        \n    <\/li>    <li class=\"wpra-item feed-item \">\n        <a href=\"https:\/\/news.google.com\/rss\/articles\/CBMinwFBVV95cUxQVnlpUTZOMnFZdzdzc0tHaFd4X1ozQWdELTBtWWF0elpkc2RTVFlzWktnY1pkc01jZVlBOFhxYU54djg3N1R0aTNXem9FamtYbUFpMW5ISERvd2VTWHQzQkRKcXpMZEV0bjI0aVhfS1FmRkJvN1NGb3NKNFp1SXNsdmRNRURDVjBpbVBMSmlfV3RWVzZSM3hBUzV0VmtrUEk?oc=5\" class=\"\" target=\"_blank\" rel=\"\" style=\"\">Tyle zarabia aptekarz z dyplomem. Pokazali kwot\u0119 ju\u017c na \"r\u0119k\u0119\" - Fakt<\/a>\n\n        <div class=\"wprss-feed-meta\">\n                <span class=\"feed-source\">\n        \u0179r\u00f3d\u0142o: <a href=\"https:\/\/news.google.com\/news\/rss\/headlines\/section\/geo\/Polen?hl=pl&amp;gl=PL&amp;ceid=PL:pl\" class=\"\" target=\"_blank\" rel=\"\" style=\"\">Google News - Thema Polen - pl<\/a>\n    <\/span>\n                <span class=\"feed-date\">\n        Opublikowano: 2026-08-20\n    <\/span>\n            \n        <\/div>\n\n        \n    <\/li>    <li class=\"wpra-item feed-item \">\n        <a href=\"https:\/\/news.google.com\/rss\/articles\/CBMiqAFBVV95cUxPWVppQmxBSy03UXptQVZLUHl1aGlmUDBVeUZWUTc4MDVNbHgxTGxVbzQ5dVVlSGdyTVowRy1WMkwwWWFhUVMzM1htSFp2VWdCR3RWQXN6UEJHSHZNSmRnTUtRT3FkWThIdmFRUURnM0RvdzNUSFpzMG1XSnFtUXFxZ1dZVXloQzBqUmdrLVUtUHFQUk9NRGQxZU8yLXVuMVBnOG9CTW9tRks?oc=5\" class=\"\" target=\"_blank\" rel=\"\" style=\"\">Superkom\u00f3rka burzowa nad zachodni\u0105 Polsk\u0105. Mo\u017cliwe opady gradu - wiadomosci.onet.pl<\/a>\n\n        <div class=\"wprss-feed-meta\">\n                <span class=\"feed-source\">\n        \u0179r\u00f3d\u0142o: <a href=\"https:\/\/news.google.com\/news\/rss\/headlines\/section\/geo\/Polen?hl=pl&amp;gl=PL&amp;ceid=PL:pl\" class=\"\" target=\"_blank\" rel=\"\" style=\"\">Google News - Thema Polen - pl<\/a>\n    <\/span>\n                <span class=\"feed-date\">\n        Opublikowano: 2026-08-20\n    <\/span>\n            \n        <\/div>\n\n        \n    <\/li>    <li class=\"wpra-item feed-item \">\n        <a href=\"https:\/\/news.google.com\/rss\/articles\/CBMi2gJBVV95cUxOVzJBUmI5TEZPMUQyRlpNZUpfX0s2OE0tYlZuenBYMWZUd2JfN0IxZWtOanRnOVVnOGQtdlljc0R5Z2ZDcFJwdlRjR0VwN0tZSC02eFVlRDE4RlVnc0g2VHhVS3Q3UktUY0gyY2hwVjBwRkdxMlRjUUUyaW94VGd5aDNsTDlRRU40SEo2TGNyUU1UcnRoS29zQ1lqZFNva0M2eDdUeFAxX3dsSFh3OThVTHFXYUMyRmxDOExzNkdWTW1HYU5Sbi1Kd1BSNXc0OU9EdFVUdnZjc2xMZFl3dU9VMmEzODNkU2NoaXBhTGZEejdWNGNSQUEwRHg1TFphR2Y0ZklZbUdaMFpBeUdGaGJHT0thTmFORFVWVExqUGczRl9SbDc5OUJZX0lpT2o4RjJSZkdDNWdIdXIzWkI2aVhjcFZUYkV5elJZVlBGbmgzcXVMYWh6Vk9iX25R0gHfAkFVX3lxTFBPbWFFWmRkbTAwaFphaGd2a3ZGNnM1c3cwOHZUS25vZ1JsWVhNU2hOQ2lhMy05a09kVF8yVlJ2dGVUdlhMVks5c095MU1mWWdJN1ZJUUxRT01yZW1UV1JNUDFJNEkwQVVJeWhWQXhzUTFEbWFjNmJCZ0o4eEtsQjBBeEpQR19uWVFTUndvUHhydWx0bVVoX0hmLUtFYUFIUHBUa1oxc0xQSDhjbXBtY3k1RkNXU3cwQXVaSEc4UzFybzYwZnZwNUxMaEhpcWM3Mm9iT2JyMURZM2MwZGpmd3U4azl4SEZIQjdfR3duWWRXSEl2cHY1ZXJBWldMS1BzWFh4eDlJcWRJWjBvRmlfZDJoalMtZ0lEdmJxZHpoSVc5MkF0WXpxMlNnUm1tVzdTd1VjV1NZY3lxT0ZRaUxQeW5IOTVrMFF5SXY4Rl9FU3B2T2d1QnI3X1hFS194QmM4UQ?oc=5\" class=\"\" target=\"_blank\" rel=\"\" style=\"\">ZUS wyp\u0142aca 4353 z\u0142 miesi\u0119cznie bez wzgl\u0119du na doch\u00f3d. Przelewy trafi\u0105 na konta 20 sierpnia 2026. Wystarczy spe\u0142ni\u0107 te warunki - INFOR.PL<\/a>\n\n        <div class=\"wprss-feed-meta\">\n                <span class=\"feed-source\">\n        \u0179r\u00f3d\u0142o: <a href=\"https:\/\/news.google.com\/news\/rss\/headlines\/section\/geo\/Polen?hl=pl&amp;gl=PL&amp;ceid=PL:pl\" class=\"\" target=\"_blank\" rel=\"\" style=\"\">Google News - Thema Polen - pl<\/a>\n    <\/span>\n                <span class=\"feed-date\">\n        Opublikowano: 2026-08-20\n    <\/span>\n            \n        <\/div>\n\n        \n    <\/li>    <li class=\"wpra-item feed-item \">\n        <a href=\"https:\/\/news.google.com\/rss\/articles\/CBMi9AFBVV95cUxOMEJkdHhQektTN2JhV3RKNFpDdExQTEh5QW93UXZKNll4eEJFQzFRNmtPbHpPaEVNeFJra3BES3dEZnpvOFBXOHlYSDd4bHZYb3Jaam9PNWs1UU02eTRFWmFRTWdYMUFqNGpXaS05Tmh1OG5Ta0hfWVBGWDdrSVVUVktCRXpiSnpsWGZFZUJ4STVmNm9HQUxobkY3TUlYNHpXSHR1ZUpkZDJ2aHhmUmgwT2pXYjRESHhNV29lc3ZNUkhjU0VNaS04bVJGLU9pMG90N1BwcTVnV2NGdXpmY3llOThPOUhDVkNhbmFGYTNrRGZ2M1Ra?oc=5\" class=\"\" target=\"_blank\" rel=\"\" style=\"\">Orzeczenie o niepe\u0142nosprawno\u015bci w 2026 roku. Oto jak zyska\u0107 tysi\u0105ce z\u0142otych ze \u015bwiadczenia i ulg - Gazeta Prawna<\/a>\n\n        <div class=\"wprss-feed-meta\">\n                <span class=\"feed-source\">\n        \u0179r\u00f3d\u0142o: <a href=\"https:\/\/news.google.com\/news\/rss\/headlines\/section\/geo\/Polen?hl=pl&amp;gl=PL&amp;ceid=PL:pl\" class=\"\" target=\"_blank\" rel=\"\" style=\"\">Google News - Thema Polen - pl<\/a>\n    <\/span>\n                <span class=\"feed-date\">\n        Opublikowano: 2026-08-20\n    <\/span>\n            \n        <\/div>\n\n        \n    <\/li>    <li class=\"wpra-item feed-item \">\n        <a href=\"https:\/\/news.google.com\/rss\/articles\/CBMiqAFBVV95cUxOQXR3OVo0LTY4OHBRMWR2bDNyOS1mR1RSOTNTUUhuZkhmOGREY1JXck9wSDNuOXJ3M2IyaDFUYkJnak1TeDFDbjFTQlZkdE9vcjBvVWFKM0hTX2x3QkM5ZzRHMVRYYzdsVmJlNnZxbERvMG8xRk1pRmlOMnFCN2NWU01CakJFd1BFOGZGaV9kYTNMVTlFVnpCSEEtcDFXdFFJa0Q4SjUyRGfSAaIBQVVfeXFMUERJNVpMd1dmQXdTVjBIOHplNXhiNFRJQy1LdkYyel9EcF90b0VERUxMSHg0U0RvR2w3dGZDNlpPVEk2N2RSVF90UkhCNmdKYkRXUnNzVENvdGZRS2RhT3d1ZnVKakZ6czBBb2s0Sk44V0JrWUJJdFNNNDlnX2dBY1Z0QWFKTlluOUV4c2JPNGd2RURuVDdhVTY2VzhmYURUOHp3?oc=5\" class=\"\" target=\"_blank\" rel=\"\" style=\"\">Ostre starcie o zarobki nauczycieli. J\u00f3zefaciuk punktuje Lubnauer - Do Rzeczy<\/a>\n\n        <div class=\"wprss-feed-meta\">\n                <span class=\"feed-source\">\n        \u0179r\u00f3d\u0142o: <a href=\"https:\/\/news.google.com\/news\/rss\/headlines\/section\/geo\/Polen?hl=pl&amp;gl=PL&amp;ceid=PL:pl\" class=\"\" target=\"_blank\" rel=\"\" style=\"\">Google News - Thema Polen - pl<\/a>\n    <\/span>\n                <span class=\"feed-date\">\n        Opublikowano: 2026-08-19\n    <\/span>\n            \n        <\/div>\n\n        \n    <\/li>    <li class=\"wpra-item feed-item \">\n        <a href=\"https:\/\/news.google.com\/rss\/articles\/CBMilwFBVV95cUxORlJJNXlaT2tOUWZEMFpiVm9EVXExMDUwR2lKd0ZuMzhndk1KVTE3VDI5aUpDVzlzc24zcDVlNFYtUFRpekVxZ3padUd4NDlmQ2JHSWRvVjR1RG1zaW1veXA4MnVUelpOSjZ0OFE3UkFWYWx3cDgxS042Q0xCWUtONV9UYmRVbFJ2SF9LTDNTSmdsWkZCQVNV?oc=5\" class=\"\" target=\"_blank\" rel=\"\" style=\"\">Kinga Rusin pokaza\u0142a, co zobaczy\u0142a na pla\u017cy. \"Jest to straszne\" - Plejada<\/a>\n\n        <div class=\"wprss-feed-meta\">\n                <span class=\"feed-source\">\n        \u0179r\u00f3d\u0142o: <a href=\"https:\/\/news.google.com\/news\/rss\/headlines\/section\/geo\/Polen?hl=pl&amp;gl=PL&amp;ceid=PL:pl\" class=\"\" target=\"_blank\" rel=\"\" style=\"\">Google News - Thema Polen - pl<\/a>\n    <\/span>\n                <span class=\"feed-date\">\n        Opublikowano: 2026-08-19\n    <\/span>\n            \n        <\/div>\n\n        \n    <\/li>    <li class=\"wpra-item feed-item \">\n        <a href=\"https:\/\/news.google.com\/rss\/articles\/CBMiqwFBVV95cUxNRllnaVctQVRLRzZSeDlYOFk0R3hub3pTMjZnSl9uNHM5aEF6YXBoWmhyNHRnb3hhXzVJLVQtUjNXU04xU25reXRCaGRpMkRxSFl4WVdsc3dxQ3U4c2E4Yi1NNU83cTlrYlRnS2YtWGVHazVEbnZtUk1qQVVxamY4UVNkQ3VfLVQtelFqV3BmZkVYaFhhaUlyNlg1UnZ6UXM3RVZOLVdkcmI3SGM?oc=5\" class=\"\" target=\"_blank\" rel=\"\" style=\"\">Komorowski krytycznie o decyzji Tuska. \"Rz\u0105d idzie po bandzie\" - PolsatNews.pl<\/a>\n\n        <div class=\"wprss-feed-meta\">\n                <span class=\"feed-source\">\n        \u0179r\u00f3d\u0142o: <a href=\"https:\/\/news.google.com\/news\/rss\/headlines\/section\/geo\/Polen?hl=pl&amp;gl=PL&amp;ceid=PL:pl\" class=\"\" target=\"_blank\" rel=\"\" style=\"\">Google News - Thema Polen - pl<\/a>\n    <\/span>\n                <span class=\"feed-date\">\n        Opublikowano: 2026-08-19\n    <\/span>\n            \n        <\/div>\n\n        \n    <\/li>    <li class=\"wpra-item feed-item \">\n        <a href=\"https:\/\/news.google.com\/rss\/articles\/CBMihgFBVV95cUxNZVM2dHhVVGdnTHZJSl8xdUNHZGVDclBvWnd3RUdaeVNrb0Z4WU9sR3R3MGRlRG5RWk43eUt5ZzdZVzQyUDBjYy1IdVBKSm5aRlR5ZjdBcUFNOW85RTZDNGNiWGJEWEszQ3JNcU0xUThNdVQ0ci1MWU12N21iMWJvY1Z1UDVCdw?oc=5\" class=\"\" target=\"_blank\" rel=\"\" style=\"\">Prognoza burzowa na 20.08.2026 i noc z 20\/21.08.2026 - Mapa burzowa - gdzie jest burza? - Sie\u0107 Obserwator\u00f3w Burz<\/a>\n\n        <div class=\"wprss-feed-meta\">\n                <span class=\"feed-source\">\n        \u0179r\u00f3d\u0142o: <a href=\"https:\/\/news.google.com\/news\/rss\/headlines\/section\/geo\/Polen?hl=pl&amp;gl=PL&amp;ceid=PL:pl\" class=\"\" target=\"_blank\" rel=\"\" style=\"\">Google News - Thema Polen - pl<\/a>\n    <\/span>\n                <span class=\"feed-date\">\n        Opublikowano: 2026-08-19\n    <\/span>\n            \n        <\/div>\n\n        \n    <\/li>    <li class=\"wpra-item feed-item \">\n        <a href=\"https:\/\/news.google.com\/rss\/articles\/CBMirwFBVV95cUxQRUMwTEtsZFhoOXlmY1BQQnBJYzdrUHFhbTJRa3NFRWlUTlJxZjM1YlJiSHg4U0NCOGFKVWtTeU1NeVRjNm41Y2gwdU1jejQzeTVpSWR2bmdpNFR2M241UmljVmU2MXpPdzBuQnhhbHZoVUxSbjBSck1jSnYzRE1KZVdRaG5XRm1SUEc4VThCd1A5MWEwMi1jZURINHlBRWlIb2xCX3VTU1Y2eEN0UmFZ?oc=5\" class=\"\" target=\"_blank\" rel=\"\" style=\"\">Rodzinna tragedia, Polka zgin\u0119\u0142a z r\u0105k m\u0119\u017ca. \"Na oczach syna\" - Interia Wydarzenia<\/a>\n\n        <div class=\"wprss-feed-meta\">\n                <span class=\"feed-source\">\n        \u0179r\u00f3d\u0142o: <a href=\"https:\/\/news.google.com\/news\/rss\/headlines\/section\/geo\/Polen?hl=pl&amp;gl=PL&amp;ceid=PL:pl\" class=\"\" target=\"_blank\" rel=\"\" style=\"\">Google News - Thema Polen - pl<\/a>\n    <\/span>\n                <span class=\"feed-date\">\n        Opublikowano: 2026-08-19\n    <\/span>\n            \n        <\/div>\n\n        \n    <\/li>    <li class=\"wpra-item feed-item \">\n        <a href=\"https:\/\/news.google.com\/rss\/articles\/CBMiugFBVV95cUxPSnMxTlFFVGd6TGF2VmRzc3Zqc2RwRF81LUlkRDBBOVo0MzI3bFRmRVI5RjJQakYtT3Z4TEh3UDRTV1dJUTF2UXdXSG4tWklOd0phTF9xeWlWLVBpTDB0UlJyX1BvOWZnNzBKRS15bWR6a0ctbUpZbHdIdjJ6QlU5NV9iMlJSWHJ4VVkyS1V0SnBQeUdCQ0REcUVmZGdQMG9hUlQ2bHZQYV9OUHNvOERpWGcxMUhCYTd3V2c?oc=5\" class=\"\" target=\"_blank\" rel=\"\" style=\"\">Waloryzacja prog\u00f3w podatkowych co roku? Tego chce minister Doma\u0144ski - Money.pl<\/a>\n\n        <div class=\"wprss-feed-meta\">\n                <span class=\"feed-source\">\n        \u0179r\u00f3d\u0142o: <a href=\"https:\/\/news.google.com\/news\/rss\/headlines\/section\/geo\/Polen?hl=pl&amp;gl=PL&amp;ceid=PL:pl\" class=\"\" target=\"_blank\" rel=\"\" style=\"\">Google News - Thema Polen - pl<\/a>\n    <\/span>\n                <span class=\"feed-date\">\n        Opublikowano: 2026-08-19\n    <\/span>\n            \n        <\/div>\n\n        \n    <\/li>    <li class=\"wpra-item feed-item \">\n        <a href=\"https:\/\/news.google.com\/rss\/articles\/CBMiSkFVX3lxTFBjSkF4RU82NTk3S1hLNHhESzBMVndxQnJoT01UdmJIWFM1dkJxZV9vTVlRTFliNWhBd1JYZThvdDBnY0xETkhpSm5B?oc=5\" class=\"\" target=\"_blank\" rel=\"\" style=\"\">Ogl\u0105dajcie Boles\u0142awieckie \u015awi\u0119to Ceramiki przez 7 kamer na \u017cywo - istotne.pl<\/a>\n\n        <div class=\"wprss-feed-meta\">\n                <span class=\"feed-source\">\n        \u0179r\u00f3d\u0142o: <a href=\"https:\/\/news.google.com\/news\/rss\/headlines\/section\/geo\/Polen?hl=pl&amp;gl=PL&amp;ceid=PL:pl\" class=\"\" target=\"_blank\" rel=\"\" style=\"\">Google News - Thema Polen - pl<\/a>\n    <\/span>\n                <span class=\"feed-date\">\n        Opublikowano: 2026-08-19\n    <\/span>\n            \n        <\/div>\n\n        \n    <\/li>    <li class=\"wpra-item feed-item \">\n        <a href=\"https:\/\/news.google.com\/rss\/articles\/CBMiuwFBVV95cUxNMEQ4bnNwSVM2UGVodzd2dVRTcE4wRXVHRS1UVktYeGkwMkswXzNOLXp2cEtjMVdIMTJKOHpXTFIycVU4Q0FMS3BLZFo5OUxWOEJ2bmFvUUkxdWt5cWF3TmRUTThiWkk5R0poTXNjM0d0ZmZpbUM3d29WbEg0R0c5eHcxV0tySDZnZy1MRkloSmxFR2Z4WTQ3Wl9NYkNvZE1NTkxYNFktYlIxT21KbnpxX3BJTzZsZktoLUNJ?oc=5\" class=\"\" target=\"_blank\" rel=\"\" style=\"\">Pacjent by\u0142 za du\u017cy, by wynie\u015b\u0107 go drzwiami. Stra\u017cacy musieli zastosowa\u0107 techniki alpinistyczne - Gazeta<\/a>\n\n        <div class=\"wprss-feed-meta\">\n                <span class=\"feed-source\">\n        \u0179r\u00f3d\u0142o: <a href=\"https:\/\/news.google.com\/news\/rss\/headlines\/section\/geo\/Polen?hl=pl&amp;gl=PL&amp;ceid=PL:pl\" class=\"\" target=\"_blank\" rel=\"\" style=\"\">Google News - Thema Polen - pl<\/a>\n    <\/span>\n                <span class=\"feed-date\">\n        Opublikowano: 2026-08-19\n    <\/span>\n            \n        <\/div>\n\n        \n    <\/li>    <li class=\"wpra-item feed-item \">\n        <a href=\"https:\/\/news.google.com\/rss\/articles\/CBMikAFBVV95cUxQd3Y3Wk1MNEI1Wk9mdndOdWdTOU1SMUx3dXRjY0FuMUozSHVZMVZPemc5anExSmt3TWlHcS13NTZJdmhsbUt3VVRJeFAxN3M1TTF3eXdqVWxvdTdQVmJRLXpHcnh2amxnT0p5aTFadTJVYUxyVnNfQk1DODM1dlEwSjdaMlFxNVJxbHpwQzhINkw?oc=5\" class=\"\" target=\"_blank\" rel=\"\" style=\"\">Nadci\u0105gaj\u0105 burze. Mo\u017cliwe superkom\u00f3rki i grad - WP Wiadomo\u015bci<\/a>\n\n        <div class=\"wprss-feed-meta\">\n                <span class=\"feed-source\">\n        \u0179r\u00f3d\u0142o: <a href=\"https:\/\/news.google.com\/news\/rss\/headlines\/section\/geo\/Polen?hl=pl&amp;gl=PL&amp;ceid=PL:pl\" class=\"\" target=\"_blank\" rel=\"\" style=\"\">Google News - Thema Polen - pl<\/a>\n    <\/span>\n                <span class=\"feed-date\">\n        Opublikowano: 2026-08-19\n    <\/span>\n            \n        <\/div>\n\n        \n    <\/li>    <li class=\"wpra-item feed-item \">\n        <a href=\"https:\/\/news.google.com\/rss\/articles\/CBMisgFBVV95cUxOYkNCTmRPTi13dVQ5N0tONkl6c1J4ckpEaGw3eXhBZkJmYWptSzNrUTRIbkFvRnJEYnhPRlZWdkMzZWNoWEYzakNqaGZncXg3MXczbWJKUjNlYkxNakZtbGZjc0tIcUJmSEpveXFvOGxvZVNPWHBBdjBYbWRhUW1Wb21VU09QdFFSanlveGVHcU5aT3pXckxWZ1k1Z1RlM0lSeW1HdjJSM05ZelpuQmNXcVJB?oc=5\" class=\"\" target=\"_blank\" rel=\"\" style=\"\">Min\u0119\u0142a 23:00. \"Wulgarne zachowanie\" w autobusie. Mo\u017ce trafi\u0107 za kraty - o2<\/a>\n\n        <div class=\"wprss-feed-meta\">\n                <span class=\"feed-source\">\n        \u0179r\u00f3d\u0142o: <a href=\"https:\/\/news.google.com\/news\/rss\/headlines\/section\/geo\/Polen?hl=pl&amp;gl=PL&amp;ceid=PL:pl\" class=\"\" target=\"_blank\" rel=\"\" style=\"\">Google News - Thema Polen - pl<\/a>\n    <\/span>\n                <span class=\"feed-date\">\n        Opublikowano: 2026-08-19\n    <\/span>\n            \n        <\/div>\n\n        \n    <\/li>    <li class=\"wpra-item feed-item \">\n        <a href=\"https:\/\/news.google.com\/rss\/articles\/CBMikwFBVV95cUxQMlBPS1BHLVJ3V0ZfVjhsSDYwVS0zOWctR3pHR0lMdGMyOTNYR0p0RW9ocUxWX0NXbmxleFh6Zkt5bHFra3hNNlpxSTFKalZPdV9Rb3huRXlUU1BvLU5INXd6VjFrbE04NXcwT0xRb0R3emtyOHdGU2Jaa2Q3aFhzU2ExRG5jUHR3WmNCM3NtbkE1VFk?oc=5\" class=\"\" target=\"_blank\" rel=\"\" style=\"\">Sikorski si\u0119 nie powstrzymywa\u0142. \"Niech sami jad\u0105\" - WP Wiadomo\u015bci<\/a>\n\n        <div class=\"wprss-feed-meta\">\n                <span class=\"feed-source\">\n        \u0179r\u00f3d\u0142o: <a href=\"https:\/\/news.google.com\/news\/rss\/headlines\/section\/geo\/Polen?hl=pl&amp;gl=PL&amp;ceid=PL:pl\" class=\"\" target=\"_blank\" rel=\"\" style=\"\">Google News - Thema Polen - pl<\/a>\n    <\/span>\n                <span class=\"feed-date\">\n        Opublikowano: 2026-08-19\n    <\/span>\n            \n        <\/div>\n\n        \n    <\/li>    <li class=\"wpra-item feed-item \">\n        <a href=\"https:\/\/news.google.com\/rss\/articles\/CBMiwAFBVV95cUxOU3ZpZm82X0pUdUF0bHBjZFlVdEp5aTRQbnJxOGttdjlSMDZoRGlDLUVOdG53dThyazl3LVNlNGRnNDFUaEotWVYwemNpdG1qR19Ia0xrWmlKZ0dHYmxsY2NNajdoQktFbDRmTS1wajZpUXVpeHZ3WmdmbXEtRVo5VXlDZEFYZFFRaVdHNDdTenRXT2ZEUWltX1QzNGJFcV9NaFUtTVZUNUpFRlJHOHF5Qk45MnY5cV9uaFFjWWZFczA?oc=5\" class=\"\" target=\"_blank\" rel=\"\" style=\"\">Volodymyr K. d\u017agn\u0105\u0142 no\u017cem by\u0142\u0105 partnerk\u0119. Teraz trafi\u0142 do aresztu - Gazeta<\/a>\n\n        <div class=\"wprss-feed-meta\">\n                <span class=\"feed-source\">\n        \u0179r\u00f3d\u0142o: <a href=\"https:\/\/news.google.com\/news\/rss\/headlines\/section\/geo\/Polen?hl=pl&amp;gl=PL&amp;ceid=PL:pl\" class=\"\" target=\"_blank\" rel=\"\" style=\"\">Google News - Thema Polen - pl<\/a>\n    <\/span>\n                <span class=\"feed-date\">\n        Opublikowano: 2026-08-19\n    <\/span>\n            \n        <\/div>\n\n        \n    <\/li>    <li class=\"wpra-item feed-item \">\n        <a href=\"https:\/\/news.google.com\/rss\/articles\/CBMiqgFBVV95cUxPTzZzMklzcXBHTmwtOTlyQUwyb1czM3g2bVpSVy1sN2VaQWNpZXBETHBoUkxEYm11UzhXbk9oeDBFbkpacmIzZVhLUjU3S0pXUkt0ZzVGT2Z3VmxuV0RrTkxiZW5mU21VUE5DRm1HT1l6TlJIb2JwRG5CV3hMWWgycV81cWRCUUlwQVZOZHlKUVAzc3pIT0lLR1duMVVqdVF0U0hNNk1tY2ZZQQ?oc=5\" class=\"\" target=\"_blank\" rel=\"\" style=\"\">Popularny produkt wycofywany ze sklep\u00f3w. Powodem gro\u017ana bakteria - Strona Zdrowia<\/a>\n\n        <div class=\"wprss-feed-meta\">\n                <span class=\"feed-source\">\n        \u0179r\u00f3d\u0142o: <a href=\"https:\/\/news.google.com\/news\/rss\/headlines\/section\/geo\/Polen?hl=pl&amp;gl=PL&amp;ceid=PL:pl\" class=\"\" target=\"_blank\" rel=\"\" style=\"\">Google News - Thema Polen - pl<\/a>\n    <\/span>\n                <span class=\"feed-date\">\n        Opublikowano: 2026-08-19\n    <\/span>\n            \n        <\/div>\n\n        \n    <\/li>    <li class=\"wpra-item feed-item \">\n        <a href=\"https:\/\/news.google.com\/rss\/articles\/CBMijgFBVV95cUxOOFptY29jQ01pTXR3MERNWTNrUUdxN2toejltV2NlNXEydmo0eHhKV3ZtQ3RTVENoRXpSOG1HWVIySXUxUUlYMGdfeERHc3FIMzAyQlVQeC1Ec3ZOZ1ZFREwwTHROZVFJSDJRb2huMHBrQjVLQ1JhYS1SRzlVeG5mNDJVT1JhRUw3dXR5ZkJR?oc=5\" class=\"\" target=\"_blank\" rel=\"\" style=\"\">Mentzen ostro o Nawrockim. \"Bardzo du\u017cy b\u0142\u0105d\" - WP Wiadomo\u015bci<\/a>\n\n        <div class=\"wprss-feed-meta\">\n                <span class=\"feed-source\">\n        \u0179r\u00f3d\u0142o: <a href=\"https:\/\/news.google.com\/news\/rss\/headlines\/section\/geo\/Polen?hl=pl&amp;gl=PL&amp;ceid=PL:pl\" class=\"\" target=\"_blank\" rel=\"\" style=\"\">Google News - Thema Polen - pl<\/a>\n    <\/span>\n                <span class=\"feed-date\">\n        Opublikowano: 2026-08-19\n    <\/span>\n            \n        <\/div>\n\n        \n    <\/li>    <li class=\"wpra-item feed-item \">\n        <a href=\"https:\/\/news.google.com\/rss\/articles\/CBMilgFBVV95cUxPRTdQNzBCY1hHSDJIeVA1aVJQbVR4OWRPUXp2MzBlZzh4MF9YeUNHYkJMQkltNkt6Z1h6UnhvUTUyOWFxWmwzb1lqc1lqNUVmYThYb0JpeFN1bWRVM0Z3b3VwdXlJOHFUeElGakx4eXVVWGRFbWJfUEdhSzNCZ0ZKNjlaY0N2TUhkM3ByOUdTNkhzaWFfbUHSAZYBQVVfeXFMTTROV3hyZi1GZ2xhWkFMWm5HOC1tb25jOUpDN1ZyRmp6d2VubXJkbWlLRmp3RVlHTU5WRWZJd1FWNWdqQkN5YkI2b3BXWXFraTlkUmNiYlBxU0RVNWRybHRhbjdCSWxaZnk4ZmVZdGlnQ1U4VkFEWGtjSmVZY0hfajBrZ3h1TmR1a0pPT0dVS2x3WUczTmhR?oc=5\" class=\"\" target=\"_blank\" rel=\"\" style=\"\">Poland: Top court rejects recognizing EU same-sex marriages - DW.com<\/a>\n\n        <div class=\"wprss-feed-meta\">\n                <span class=\"feed-source\">\n        \u0179r\u00f3d\u0142o: <a href=\"https:\/\/news.google.com\/rss\/search?q=Polen+LGBT&amp;hl=en&amp;gl=US&amp;ceid=US:en\" class=\"\" target=\"_blank\" rel=\"\" style=\"\">google-news-polen-lgbt-en<\/a>\n    <\/span>\n                <span class=\"feed-date\">\n        Opublikowano: 2026-07-28\n    <\/span>\n            \n        <\/div>\n\n        \n    <\/li>    <li class=\"wpra-item feed-item \">\n        <a href=\"https:\/\/news.google.com\/rss\/articles\/CBMimwFBVV95cUxPUVMwNzBxMDFPWVZHYmN3NVkzRVBLV2hSMDJNVnhtWGNtZHVKNGR4UzFqdk5SZ2taY3NEVGRsLTZ5dEhFT0JyWUwxbTNJN2JmVUJTckt0dzdHdU9sUEhxZEF6emt3T0dQY0hCVWcyQVl4alQzel9tMUtTbk1PalZhd1ZSdzAtcEhZQzRKZ2ZqOVRpN0RYVHl5US0yMA?oc=5\" class=\"\" target=\"_blank\" rel=\"\" style=\"\">Poland's Constitutional Court rules against LGBT marriages - The Brussels Times<\/a>\n\n        <div class=\"wprss-feed-meta\">\n                <span class=\"feed-source\">\n        \u0179r\u00f3d\u0142o: <a href=\"https:\/\/news.google.com\/rss\/search?q=Polen+LGBT&amp;hl=en&amp;gl=US&amp;ceid=US:en\" class=\"\" target=\"_blank\" rel=\"\" style=\"\">google-news-polen-lgbt-en<\/a>\n    <\/span>\n                <span class=\"feed-date\">\n        Opublikowano: 2026-07-28\n    <\/span>\n            \n        <\/div>\n\n        \n    <\/li>    <li class=\"wpra-item feed-item \">\n        <a href=\"https:\/\/news.google.com\/rss\/articles\/CBMimAFBVV95cUxPUDJVd1hDNkk0cl84VFcteWNsSUx5RXY4N3BGZGdoSFBQR3pvRmNobjlQMG4wcGhlOHcxdW1jc185UFVBaDZXNDZTWUtRcTB3cklMeUJRdjFrZEpRX2JpZERVOHBvTGtNV1lHNDNTLU95OFVwa3RpWXY5eGZsdWhzVFVpQXIxNjh2SjN1UUxZVVpUTWJMb0VMeA?oc=5\" class=\"\" target=\"_blank\" rel=\"\" style=\"\">Polska kobieta zaatakowana podczas berli\u0144skiego parady LGBT - Rydzyna24<\/a>\n\n        <div class=\"wprss-feed-meta\">\n                <span class=\"feed-source\">\n        \u0179r\u00f3d\u0142o: <a href=\"https:\/\/news.google.com\/rss\/search?q=Polen+LGBT&amp;hl=de&amp;gl=PL&amp;ceid=PL:pl\" class=\"\" target=\"_blank\" rel=\"\" style=\"\">google-news-polen-lgbt-pl<\/a>\n    <\/span>\n                <span class=\"feed-date\">\n        Opublikowano: 2026-07-27\n    <\/span>\n            \n        <\/div>\n\n        \n    <\/li>    <li class=\"wpra-item feed-item \">\n        <a href=\"https:\/\/news.google.com\/rss\/articles\/CBMidkFVX3lxTE9xWWsxQmJ6WHl2MDVxRXN4ZXRnSUhJMGdQQTFZckdCeEFyNWVDUEJnWjhueWctaGVSV2pyR05rd2VxOTZwYkVTcDc1RV8wdjJyejdaQV9ZVXJtM3dmMkkyU2tHQnNQR0JVdEJ6SnBXbHNtYjBkSHc?oc=5\" class=\"\" target=\"_blank\" rel=\"\" style=\"\">Beitr\u00e4ge von frederik ahlmann-eltze und jan kasiske - Jungle.World<\/a>\n\n        <div class=\"wprss-feed-meta\">\n                <span class=\"feed-source\">\n        \u0179r\u00f3d\u0142o: <a href=\"https:\/\/news.google.com\/rss\/search?q=Polen+LGBT&amp;hl=de&amp;gl=DE&amp;ceid=DE:de\" class=\"\" target=\"_blank\" rel=\"\" style=\"\">google-news-polen-lgbt-de<\/a>\n    <\/span>\n                <span class=\"feed-date\">\n        Opublikowano: 2026-07-24\n    <\/span>\n            \n        <\/div>\n\n        \n    <\/li>    <li class=\"wpra-item feed-item \">\n        <a href=\"https:\/\/news.google.com\/rss\/articles\/CBMinAFBVV95cUxOcHVBaWZjRXpEaXg3STYzUTN0R1hfX1hwbEdjb2JrbnhEVHVmOVpQVzQzNzZWamRLRFlxVGljbkl1LUNhWHRHVE5GRFcySDZSU283RUV4WDREc2lScW5SUlh1TE5id1p1MmtFZlZYSG41QjVhZ3NNc3NpekRxOUdKTEdEMzNLYWNBa0R6NWtYelU4a29RNjFvUzBQOTU?oc=5\" class=\"\" target=\"_blank\" rel=\"\" style=\"\">Donald Tusk \u201esehr sauer\u201c: Rechte von homosexuellen Paare bleiben in Polen eingeschr\u00e4nkt - SZ.de<\/a>\n\n        <div class=\"wprss-feed-meta\">\n                <span class=\"feed-source\">\n        \u0179r\u00f3d\u0142o: <a href=\"https:\/\/news.google.com\/rss\/search?q=Polen+LGBT&amp;hl=de&amp;gl=DE&amp;ceid=DE:de\" class=\"\" target=\"_blank\" rel=\"\" style=\"\">google-news-polen-lgbt-de<\/a>\n    <\/span>\n                <span class=\"feed-date\">\n        Opublikowano: 2026-07-24\n    <\/span>\n            \n        <\/div>\n\n        \n    <\/li>    <li class=\"wpra-item feed-item \">\n        <a href=\"https:\/\/news.google.com\/rss\/articles\/CBMizAFBVV95cUxOai1CZTlpNElNRTBxT1BHYlJOaENuWWRKX2psdldkYnpmSEhLTHhsdmZ4SmJKUU92UC0tb01yQS1HeGxPNVN5c1ozU3hkSWZwRmViVHFwQS1QTnNxX0pLY3J6cVZibi1NZElkTzlLM0tfc0V0cWV6T09pVWxkWXp4d25XSDVsazItUS1DMmQ1eFNqR2c3TF8zYzVhaXlRSzNiYW15UHFQOEFlNGdFZURBUm5JcnY3N29zcXdfTm9ramQ4QWFOX3lQZm9zT1fSAdIBQVVfeXFMUHB4SnFsWDN0T2wyZHJPWndHcGxRZjQzNWVqVngybEw0MGZoeTlQRmJWSTNOc3N1NHJpY2l3MFhOempzZFRpZ3ZEWkZSbXZreEFaSi1LU3dTT05EUHBlOXc4UkhGOEdBU29zUmxzR0owajAxczRIby1WLWxEQ3VsNi1RSDQ5V2NFVFZZNFlGMl9zWnkxMUxNVkVZX05LUWVvTl84WVo4elhoQWpudHdPQ3gwTnVPeEg1bkxwMEJuZFlYQWtEWHlDUjJZd05CM194WGNB?oc=5\" class=\"\" target=\"_blank\" rel=\"\" style=\"\">Polens Pr\u00e4sident Nawrocki legt Veto gegen eingetragene homosexuelle Partnerschaften ein - de.catholicnewsagency.com<\/a>\n\n        <div class=\"wprss-feed-meta\">\n                <span class=\"feed-source\">\n        \u0179r\u00f3d\u0142o: <a href=\"https:\/\/news.google.com\/rss\/search?q=Polen+LGBT&amp;hl=de&amp;gl=DE&amp;ceid=DE:de\" class=\"\" target=\"_blank\" rel=\"\" style=\"\">google-news-polen-lgbt-de<\/a>\n    <\/span>\n                <span class=\"feed-date\">\n        Opublikowano: 2026-07-21\n    <\/span>\n            \n        <\/div>\n\n        \n    <\/li>    <li class=\"wpra-item feed-item \">\n        <a href=\"https:\/\/news.google.com\/rss\/articles\/CBMi2gFBVV95cUxNNHFQU0ppNFRmVC1NakZLTTVDZWRHMkRDMHR0bk5lU1NpRjFpTzJlSzFqd2ZmSVFDdkdNM0NLTmVaX3BuRE1kR3FYTG15LVlqSlVSYjhLTHlRUDFCcEJCYXU5MG1IMGFTcEdfcDZmQldjb25JdFJQRXR0WGZiVEJ0b0k5WmF3eVowd1h0UV9XbF8wNVVUbnlILXlZZml4R2NoakFPUzlpemFPN3YwUDRlZkxFeXEzNTBpYndKbE83MU5GVjNaSk1mMnVSeEJDSFFRbThTdHdUQlJMZ9IB3wFBVV95cUxNOE9abURJQ2hMQWRWYlhiY0VoQmhKLVIxMVpvMmt1V2FkbEY2UFlvSEFPMVVHN0M5cy1jX09kVnlFUDYwRTg2Nk1na3FMeU5GMjlYTU52RzhWY2RhT2czUm1tbUdnV3l3NjJXMHp5ZkJJSktlRlRTdUhHT1d0ZzdreGFrMHVrZUktVXI0eGZOOEpFWXl0cWJaLUVJSnBYbDVtejhKR0RpWVZlSHBhbmh4WWk4WHVOakRfUnFuTWZOTDhLdnFBeDBxMlpCMWVaNlI3OEZLWkZicV9fNmF0LUxZ?oc=5\" class=\"\" target=\"_blank\" rel=\"\" style=\"\">Polens Pr\u00e4sident Nawrocki legt Veto gegen eingetragene homosexuelle Partnerschaften ein - CNA Deutsch<\/a>\n\n        <div class=\"wprss-feed-meta\">\n                <span class=\"feed-source\">\n        \u0179r\u00f3d\u0142o: <a href=\"https:\/\/news.google.com\/rss\/search?q=Polen+LGBT&amp;hl=de&amp;gl=DE&amp;ceid=DE:de\" class=\"\" target=\"_blank\" rel=\"\" style=\"\">google-news-polen-lgbt-de<\/a>\n    <\/span>\n                <span class=\"feed-date\">\n        Opublikowano: 2026-07-21\n    <\/span>\n            \n        <\/div>\n\n        \n    <\/li>    <li class=\"wpra-item feed-item \">\n        <a href=\"https:\/\/news.google.com\/rss\/articles\/CBMiswFBVV95cUxOVTV6aGM5T0o4Q1huQnluc1RNclFtV0Fyd3RMcEZjNENxNlZ0MGxidFd0dlN3Y1lFcUliT3dFcmsxUG5Gc2xlbXFVTlVqemxZekszMkpzdDBTVW5jeFZvVTlvb3NnOFJBaVhjZEp2YlZHUWdSSlVWSkMwdGdxdDNpeThnVVNJNUZvSk1LcDgzYmk3Zm01V2ZrRndLYlI5Wk42SHVDMkhZNWNHU2dldFJoLXVJb9IBsAFBVV95cUxNQzdGaGhRWTFkbFpUQzY2R21iZGFzYTh3N0tnXzVKQkMyZXM2TEVOYjJDUXhaRmxpd2ktaExjYmQtcnZ3RTc3U0Jtd1RJdS1kMUVhVnU4TW1nVWRxVXFob19QTFJoU1FBT3pFdXBvUWdDNlJyNW15RWE3TTV0cHlULVhJd09jN0YxdmlVUVU4azlOaHprY2V6d25mTER1UUVTcVMxd29NQkJibnhhd2NzWA?oc=5\" class=\"\" target=\"_blank\" rel=\"\" style=\"\">Nawrocki zawetowa\u0142 ustaw\u0119. Niemiecki dziennik: Pary LGBT w Polsce bez ochrony - Do Rzeczy<\/a>\n\n        <div class=\"wprss-feed-meta\">\n                <span class=\"feed-source\">\n        \u0179r\u00f3d\u0142o: <a href=\"https:\/\/news.google.com\/rss\/search?q=Polen+LGBT&amp;hl=de&amp;gl=PL&amp;ceid=PL:pl\" class=\"\" target=\"_blank\" rel=\"\" style=\"\">google-news-polen-lgbt-pl<\/a>\n    <\/span>\n                <span class=\"feed-date\">\n        Opublikowano: 2026-07-20\n    <\/span>\n            \n        <\/div>\n\n        \n    <\/li>    <li class=\"wpra-item feed-item \">\n        <a href=\"https:\/\/news.google.com\/rss\/articles\/CBMifEFVX3lxTE5iQU43bUZ3bGxvbkQydEh1NDdLNEhaYzRNd2N6c3hiRTNjSG1tbTRfZk9ENHZkOXdYMkh0OVdheHlHM2FJZ0hGTUZ5QUxmSmwxcmxBeWxybXBlSndNWWwyMVN6by1rd3pqeUFiODQtUkVBQUEwR3RFalhmX1DSAYIBQVVfeXFMTzYtTDh5NjRWWDdzTWxwelhHUk9RNmp3bjk2Y3NjeWN5dk5Ba3JkZGJBQVNEbDZLWi11c054QlcxaDl0enF6SVZyR0xPMU9HWXhiUTFSQTFza2tIZE00bDY0a1FWOVZlU2RJNXJ3Z2pVa0RnRUd4dVJZdmRZYkJVN1g1UQ?oc=5\" class=\"\" target=\"_blank\" rel=\"\" style=\"\">Poland's president vetoes same-sex marriage laws - \u0421\u043f\u0456\u043b\u043a\u0430 \u043f\u0440\u0430\u0432\u043e\u0441\u043b\u0430\u0432\u043d\u0438\u0445 \u0436\u0443\u0440\u043d\u0430\u043b\u0456\u0441\u0442\u0456\u0432<\/a>\n\n        <div class=\"wprss-feed-meta\">\n                <span class=\"feed-source\">\n        \u0179r\u00f3d\u0142o: <a href=\"https:\/\/news.google.com\/rss\/search?q=Polen+LGBT&amp;hl=en&amp;gl=US&amp;ceid=US:en\" class=\"\" target=\"_blank\" rel=\"\" style=\"\">google-news-polen-lgbt-en<\/a>\n    <\/span>\n                <span class=\"feed-date\">\n        Opublikowano: 2026-07-17\n    <\/span>\n            \n        <\/div>\n\n        \n    <\/li>    <li class=\"wpra-item feed-item \">\n        <a href=\"https:\/\/news.google.com\/rss\/articles\/CBMi2gFBVV95cUxQOWd5LXQ3SnREaDlYbVkwaW1tei16azN4N2FJMTI5dHZqdXB5WVo4ODBRZWJsQ1dqVC1iRWl3MkdlVjV5alJJRUY0c3NYVUlJaE8zU0pBdEpsVUdDSG95alRMb3p0eTZIamk5ZmliNG4td19FTkl0VENqYl9OaG1DenduLVVBcnFpNFlZdGRTWlFXOFhCdzd5RUlVMm5TZzZxRzF6NjRjcDI5QmF3SEFBb3k3SWpXWVYzSl95X1JvcDZma2hlLWlUaUlod016YXNLWkNQcmZtcWEwUdIB2gFBVV95cUxNeTBReE1XN0lvTS02dlNKR0pudmtvWWUyNTd2NF9kSGIxNVRTVXExM01abFJ4dkt4RjkzY0RBNWItT1FUS3BlbVlxQWFsMERDNUliTFZjZlJtc0E0dTRqSThjckstemNEdnpzQzVwdE5IdHJVZjFKOEs4OWFwQ3pvZDBFLXJ0SUVOaEpqN05WWXFMaWZqdU80WVRzbkUyQm94WTNJRGNHRGlqNHBXZDl0WURidFNNREZJSW12NHN1R05nTFFXZFdkN0JZVVZqSW9fVVBSZWkzSHF6UQ?oc=5\" class=\"\" target=\"_blank\" rel=\"\" style=\"\">Polens Pr\u00e4sident stoppt eingetragene Lebenspartnerschaften - DW.com<\/a>\n\n        <div class=\"wprss-feed-meta\">\n                <span class=\"feed-source\">\n        \u0179r\u00f3d\u0142o: <a href=\"https:\/\/news.google.com\/rss\/search?q=Polen+LGBT&amp;hl=de&amp;gl=DE&amp;ceid=DE:de\" class=\"\" target=\"_blank\" rel=\"\" style=\"\">google-news-polen-lgbt-de<\/a>\n    <\/span>\n                <span class=\"feed-date\">\n        Opublikowano: 2026-07-17\n    <\/span>\n            \n        <\/div>\n\n        \n    <\/li>    <li class=\"wpra-item feed-item \">\n        <a href=\"https:\/\/news.google.com\/rss\/articles\/CBMiwgFBVV95cUxNdmNkTlFhM3pXbXNzZEExdS1NNTVTMzYzaG5iSlBWelp2QjZubS1GRVZJSG5iMGNYWWk4Z25RTlRUUDJGbkhfeGtMOUNNUm5QenExWkpyWGw3Y0QtSE9vdnJweFpVanl2N3J2ZkRDcXpqZ1VnOEthZmo3S0hKYW5uaXhpSVdTcml5MG00b3gzYy1sLWUxdk1HbDVVbWZqZlgtNDM1VTJMV2dBNlVEZWFoX2ZCejBTdnNTNXZNV09OY041UQ?oc=5\" class=\"\" target=\"_blank\" rel=\"\" style=\"\">Focus - Poland recognises same-sex marriages, sees rush for weddings organised abroad - France 24<\/a>\n\n        <div class=\"wprss-feed-meta\">\n                <span class=\"feed-source\">\n        \u0179r\u00f3d\u0142o: <a href=\"https:\/\/news.google.com\/rss\/search?q=Polen+LGBT&amp;hl=en&amp;gl=US&amp;ceid=US:en\" class=\"\" target=\"_blank\" rel=\"\" style=\"\">google-news-polen-lgbt-en<\/a>\n    <\/span>\n                <span class=\"feed-date\">\n        Opublikowano: 2026-06-30\n    <\/span>\n            \n        <\/div>\n\n        \n    <\/li>    <li class=\"wpra-item feed-item \">\n        <a href=\"https:\/\/news.google.com\/rss\/articles\/CBMikwFBVV95cUxOZlBfREYtdUthT2VQUGNPZ05TRndHT282NTg3Z2o4MVd0YUMtRkJRSUpFMlE5WUM2aURJWTZHNW43RFRIb1BFZkNzVmcxVHBhRktqdTVLZngyeHpvdjNwMTYwQWhRTXk1NUxzMmVMTFpSdDV0SnQyUlZvMGpyZmFLYUpoX2RzT1JwMVdkaUhFWU1KZlU?oc=5\" class=\"\" target=\"_blank\" rel=\"\" style=\"\">Black Justice Poland \u2013 kto finansuje fundacj\u0119? - Nowy \u0141ad<\/a>\n\n        <div class=\"wprss-feed-meta\">\n                <span class=\"feed-source\">\n        \u0179r\u00f3d\u0142o: <a href=\"https:\/\/news.google.com\/rss\/search?q=Polen+LGBT&amp;hl=de&amp;gl=PL&amp;ceid=PL:pl\" class=\"\" target=\"_blank\" rel=\"\" style=\"\">google-news-polen-lgbt-pl<\/a>\n    <\/span>\n                <span class=\"feed-date\">\n        Opublikowano: 2026-06-20\n    <\/span>\n            \n        <\/div>\n\n        \n    <\/li>    <li class=\"wpra-item feed-item \">\n        <a href=\"https:\/\/news.google.com\/rss\/articles\/CBMiywFBVV95cUxPZ2hsc0NWeHdTTG9rbFZldm14LXU1VjJqQWhod2xpemlaV1IwUW8xRldybzljOXdOclh3TFBIOWNnLXg3UzlLRHQwUllsVzRGdkVRcG5fYU9aZFc3T0F3M0Y3d21PZ3pRLXNNRzRfcVFybnY5QTZiQXVNNnlpakpObFExYVdodk9abzNiOVlLNkNKTUNtcWtNUjZwOTZPRjBoUGw0R0FzZzZQQXp2UUNDdjFJLVliVWZ3cFhYUG5aYldGRnZrdWc3SGtHNA?oc=5\" class=\"\" target=\"_blank\" rel=\"\" style=\"\">Zagranicznie finansowana fundacja wspiera osiedlanie migrant\u00f3w z Afryki w Polsce i promuje agend\u0119 LGBT - Kresy.pl<\/a>\n\n        <div class=\"wprss-feed-meta\">\n                <span class=\"feed-source\">\n        \u0179r\u00f3d\u0142o: <a href=\"https:\/\/news.google.com\/rss\/search?q=Polen+LGBT&amp;hl=de&amp;gl=PL&amp;ceid=PL:pl\" class=\"\" target=\"_blank\" rel=\"\" style=\"\">google-news-polen-lgbt-pl<\/a>\n    <\/span>\n                <span class=\"feed-date\">\n        Opublikowano: 2026-06-13\n    <\/span>\n            \n        <\/div>\n\n        \n    <\/li>    <li class=\"wpra-item feed-item \">\n        <a href=\"https:\/\/news.google.com\/rss\/articles\/CBMisAFBVV95cUxOMHRyNDhzTHFVMlFTWlV4Z3hsTWdhN3Z5bmJSbmJ6REU1dVJ5Vm1nU1VlaTQ0NXJTZ2JHR0ltYTNIMlUteHBkelBrRENPUWlKbUR6eklscW9SNEpLZmtRYml6LVhYcVkxdTNYQW4xaFB0SFBmQmZuYzVlR1RYemVwMGN0ZzVzSGxwRWRwRWFicEgtWXl6a2llUXdSSzdvY3NUa0VqVlEwajI4dWVBczQtOQ?oc=5\" class=\"\" target=\"_blank\" rel=\"\" style=\"\">Ein gro\u00dfer Schritt zur Gleichberechtigung - Jungle.World<\/a>\n\n        <div class=\"wprss-feed-meta\">\n                <span class=\"feed-source\">\n        \u0179r\u00f3d\u0142o: <a href=\"https:\/\/news.google.com\/rss\/search?q=Polen+LGBT&amp;hl=de&amp;gl=DE&amp;ceid=DE:de\" class=\"\" target=\"_blank\" rel=\"\" style=\"\">google-news-polen-lgbt-de<\/a>\n    <\/span>\n                <span class=\"feed-date\">\n        Opublikowano: 2026-06-02\n    <\/span>\n            \n        <\/div>\n\n        \n    <\/li>    <li class=\"wpra-item feed-item \">\n        <a href=\"https:\/\/news.google.com\/rss\/articles\/CBMikwFBVV95cUxNb0RCVkZ4eWx0cDJqRmNvTlJ4NWJKQmV6ZlFMeWVVaXBSb1NkdldJSXlabVRlN1h6ODVjc202a2VVSTM2aE5qQkdxa3pOSHd5OEp3aGVDUFE2VXY4eHVMNzhkX1djbm1aYUVTQmRlWnFzTGhQaHdydUwxLXo0MWphTnZfRFZZczB6bDEteXUzOGFjNEE?oc=5\" class=\"\" target=\"_blank\" rel=\"\" style=\"\">The Polish Sejm has passed a law on LGBT rights \u2014 Notes from Poland - UA.NEWS<\/a>\n\n        <div class=\"wprss-feed-meta\">\n                <span class=\"feed-source\">\n        \u0179r\u00f3d\u0142o: <a href=\"https:\/\/news.google.com\/rss\/search?q=Polen+LGBT&amp;hl=en&amp;gl=US&amp;ceid=US:en\" class=\"\" target=\"_blank\" rel=\"\" style=\"\">google-news-polen-lgbt-en<\/a>\n    <\/span>\n                <span class=\"feed-date\">\n        Opublikowano: 2026-05-29\n    <\/span>\n            \n        <\/div>\n\n        \n    <\/li>    <li class=\"wpra-item feed-item \">\n        <a href=\"https:\/\/news.google.com\/rss\/articles\/CBMivgFBVV95cUxOeWthS2FMWXV4Qjh0M0NyaDNWeFVndXRhOFdaeTZTUDAyWHpyd0hfQ0dmaFk0Z0xnNjdrc2RjNjRqbHhZclpsM3NDWm4tRExiMmZvNjN3cFB4aXprVm01ZnAzQlZJY1J3YzdLV0EwaGowWENKb18xUjgyNXU5QU5fRFZibVdnZGo3QnpqNTU1VXBmTFZWbWI0VWkzMDJnbm9yZXFKaG9GT3Ytc1k4VkJUNkZhaHJwNVl4M3NxSzlR?oc=5\" class=\"\" target=\"_blank\" rel=\"\" style=\"\">Polish parliament approves rights for same-sex couples but president pledges veto - Notes From Poland<\/a>\n\n        <div class=\"wprss-feed-meta\">\n                <span class=\"feed-source\">\n        \u0179r\u00f3d\u0142o: <a href=\"https:\/\/news.google.com\/rss\/search?q=Polen+LGBT&amp;hl=en&amp;gl=US&amp;ceid=US:en\" class=\"\" target=\"_blank\" rel=\"\" style=\"\">google-news-polen-lgbt-en<\/a>\n    <\/span>\n                <span class=\"feed-date\">\n        Opublikowano: 2026-05-29\n    <\/span>\n            \n        <\/div>\n\n        \n    <\/li>    <li class=\"wpra-item feed-item \">\n        <a href=\"https:\/\/news.google.com\/rss\/articles\/CBMilgFBVV95cUxPWVVUb0l4UGxHY0NSVFkxa0tUWUtSRGdldkhERWd1ajZrNUMwUVdZUjlnaVphTktYeXpGUEtxNzMyTGNhMEtFUDdhNXc1b3lKcWZTa3lzZEhtcEV2bkIwaG9vUGtOVWpZeHBGb0tIYTBhT0ttNFJwMk12YkQ3REdtWTJnQ3praFJHcE12WmduVWtmWmhMS0E?oc=5\" class=\"\" target=\"_blank\" rel=\"\" style=\"\">Worth the wait \u2014 the gay couple breaking barriers in Catholic Poland - The Times<\/a>\n\n        <div class=\"wprss-feed-meta\">\n                <span class=\"feed-source\">\n        \u0179r\u00f3d\u0142o: <a href=\"https:\/\/news.google.com\/rss\/search?q=Polen+LGBT&amp;hl=en&amp;gl=US&amp;ceid=US:en\" class=\"\" target=\"_blank\" rel=\"\" style=\"\">google-news-polen-lgbt-en<\/a>\n    <\/span>\n                <span class=\"feed-date\">\n        Opublikowano: 2026-05-25\n    <\/span>\n            \n        <\/div>\n\n        \n    <\/li>    <li class=\"wpra-item feed-item \">\n        <a href=\"https:\/\/news.google.com\/rss\/articles\/CBMi1AFBVV95cUxORTJmOG9aTGxPY2pOeWRrVEZBa0t3YVRBVm45WjgwR1lEalRCa0hmLXdzWXNXTXR0clc3czVWWUpKbU9OTi16Q0RVSUtJVjdiMFEtdEYxMzk1aUt3QjVuYkt6Q3ZfcE9RR2wybGtnN3pxTVNxYVhSUi1VN01wYWxJSlI0Nm5makR2NWdZRHE4YzFjdm9RZmtlbkxScTlCWlduTWk2cklDV3JZbkpnMHh2ZWlKdDE2U05EU0pTY1EzUzJLeEVTN0lPODVlSjRKYTNrRTZLXw?oc=5\" class=\"\" target=\"_blank\" rel=\"\" style=\"\">Poland must be \"defended from pathological spread of homosexuality\", says opposition leader Kaczy\u0144ski - Notes From Poland<\/a>\n\n        <div class=\"wprss-feed-meta\">\n                <span class=\"feed-source\">\n        \u0179r\u00f3d\u0142o: <a href=\"https:\/\/news.google.com\/rss\/search?q=Polen+LGBT&amp;hl=en&amp;gl=US&amp;ceid=US:en\" class=\"\" target=\"_blank\" rel=\"\" style=\"\">google-news-polen-lgbt-en<\/a>\n    <\/span>\n                <span class=\"feed-date\">\n        Opublikowano: 2026-05-24\n    <\/span>\n            \n        <\/div>\n\n        \n    <\/li>    <li class=\"wpra-item feed-item \">\n        <a href=\"https:\/\/news.google.com\/rss\/articles\/CBMipAFBVV95cUxPN1JrdjJPWGF3bzgtY0VDQks5V2ZwNU4zWDNXQ29BTVRUdWhFMmtKTnIwVFdtMldSYUtJd3dNX1JNR2R4RmxZTEszNUZ1WDZrd3dGdDNlVjlRcTZXMG5rUDRBbXYzenBnVTB1eFFBMjNMNEtjRkdsTTdhRmc5ZGlaaFVaeVBhTVN0TzRZT2s0Qm90T0dkQ2phNkpQc3NLbkRDbVA2Nw?oc=5\" class=\"\" target=\"_blank\" rel=\"\" style=\"\">Polen erkennt im Ausland geschlossene Homo-Ehen an - polskieradio.pl<\/a>\n\n        <div class=\"wprss-feed-meta\">\n                <span class=\"feed-source\">\n        \u0179r\u00f3d\u0142o: <a href=\"https:\/\/news.google.com\/rss\/search?q=Polen+LGBT&amp;hl=de&amp;gl=PL&amp;ceid=PL:pl\" class=\"\" target=\"_blank\" rel=\"\" style=\"\">google-news-polen-lgbt-pl<\/a>\n    <\/span>\n                <span class=\"feed-date\">\n        Opublikowano: 2026-05-23\n    <\/span>\n            \n        <\/div>\n\n        \n    <\/li>    <li class=\"wpra-item feed-item \">\n        <a href=\"https:\/\/news.google.com\/rss\/articles\/CBMiuwFBVV95cUxPMDNJNjhMN3NnV0lQQmNXM2NkN3o4T3pYMkc5STZDTThMdHBNdjlMSEFCLTdpaWlQNzNtck0xRk5LWE82bzJzQVpMSW81N3FndFlwenlHcDlqUVJFTTVYNjhubmdPUk1DNkFpZU9vMlBkaWp6X3FVUGsyVTZRcUJPanVqYlg2YXNIUmpTSFNwZUtOcmZBb2VSMW91VFhXVWVhZU9VeS1jTU95N1lBTC04Sm01ZVNyY0VUMnFr?oc=5\" class=\"\" target=\"_blank\" rel=\"\" style=\"\">[Interview] \u2018Not enough\u2019: Same-sex couples in Poland still denied their EU rights, activist says - EUobserver<\/a>\n\n        <div class=\"wprss-feed-meta\">\n                <span class=\"feed-source\">\n        \u0179r\u00f3d\u0142o: <a href=\"https:\/\/news.google.com\/rss\/search?q=Polen+LGBT&amp;hl=en&amp;gl=US&amp;ceid=US:en\" class=\"\" target=\"_blank\" rel=\"\" style=\"\">google-news-polen-lgbt-en<\/a>\n    <\/span>\n                <span class=\"feed-date\">\n        Opublikowano: 2026-05-16\n    <\/span>\n            \n        <\/div>\n\n        \n    <\/li>    <li class=\"wpra-item feed-item \">\n        <a href=\"https:\/\/news.google.com\/rss\/articles\/CBMilAFBVV95cUxPcllsb1JkNWduZ1UzSnZwUUgxMjBxY19pWHRYbDNiRDVwVUxOMnE1TFNWQnQtZXlDWnYyazZKdWJPSGZzLWFmTGhQaldpelc5MV9obUROZGhVTWNoRVhuNGdyWWp4eTlhdjlDVlhsSTlJTnZBOHRjaWV4SXpRb2hxVWoyLWxmRUhfd25FZ3FMdE5Kb2ky?oc=5\" class=\"\" target=\"_blank\" rel=\"\" style=\"\">EU-Recht: Polen stellt erstmals Heiratsurkunde f\u00fcr gleichgeschlechtliche Ehe aus - DIE ZEIT<\/a>\n\n        <div class=\"wprss-feed-meta\">\n                <span class=\"feed-source\">\n        \u0179r\u00f3d\u0142o: <a href=\"https:\/\/news.google.com\/rss\/search?q=Polen+LGBT&amp;hl=de&amp;gl=DE&amp;ceid=DE:de\" class=\"\" target=\"_blank\" rel=\"\" style=\"\">google-news-polen-lgbt-de<\/a>\n    <\/span>\n                <span class=\"feed-date\">\n        Opublikowano: 2026-05-15\n    <\/span>\n            \n        <\/div>\n\n        \n    <\/li>    <li class=\"wpra-item feed-item \">\n        <a href=\"https:\/\/news.google.com\/rss\/articles\/CBMi5AFBVV95cUxQbTRZMllicC1lMmUzT0V0OHdJdlFSY0pWRFg4RTNDd2Y2LW1mQW9HNmVTZGlPVDROSHlNX2NnczNiVE5MQXdPam53TGNFcWtmampDMERTXzd5QTktY0tDYkx3dExkaVNrb1RRelBFRVZSSHFPWVpseHd0dmJ3R1ZLbldJUFBhaXl2aWpCX2dWMHRlcEFqUWwyZVEtU0Nic2I2X3hzSmxud0FoTkhqc3VfOHRTdU83OE9iQTB2cmpUMy1DcW9DaGJ1RUV6SV9HMDhucjRUTE5ickF1cEJQY0F1dUxCb3Y?oc=5\" class=\"\" target=\"_blank\" rel=\"\" style=\"\">Polen: Rathaus in Warschau erkennt erstmals gleichgeschlechtliche Ehe an - Spiegel<\/a>\n\n        <div class=\"wprss-feed-meta\">\n                <span class=\"feed-source\">\n        \u0179r\u00f3d\u0142o: <a href=\"https:\/\/news.google.com\/rss\/search?q=Polen+LGBT&amp;hl=de&amp;gl=DE&amp;ceid=DE:de\" class=\"\" target=\"_blank\" rel=\"\" style=\"\">google-news-polen-lgbt-de<\/a>\n    <\/span>\n                <span class=\"feed-date\">\n        Opublikowano: 2026-05-15\n    <\/span>\n            \n        <\/div>\n\n        \n    <\/li>    <li class=\"wpra-item feed-item \">\n        <a href=\"https:\/\/news.google.com\/rss\/articles\/CBMilgFBVV95cUxOS3ZLcnIyal9ZSDZzSGRSUWQ2UHBraDRvRUxzWWRWVXBTNkdqUkpfeUVtMWdmZ1gzMXl6dldqYjFkNlpKenFxcjFfT1RDc0p0M3ZnZnd5RXMxaXduLTJjQkI2bWlkN2NiTGQ3Rmh3aEZHYUJnZXZyQXdPTGloZVFEbzhRQ2R6QnVUY210QUFXdW1pTXdLdlE?oc=5\" class=\"\" target=\"_blank\" rel=\"\" style=\"\">Warschau: Erste gleichgeschlechtliche Ehe in Polen eingetragen - Euronews.com<\/a>\n\n        <div class=\"wprss-feed-meta\">\n                <span class=\"feed-source\">\n        \u0179r\u00f3d\u0142o: <a href=\"https:\/\/news.google.com\/rss\/search?q=Polen+LGBT&amp;hl=de&amp;gl=DE&amp;ceid=DE:de\" class=\"\" target=\"_blank\" rel=\"\" style=\"\">google-news-polen-lgbt-de<\/a>\n    <\/span>\n                <span class=\"feed-date\">\n        Opublikowano: 2026-05-14\n    <\/span>\n            \n        <\/div>\n\n        \n    <\/li>    <li class=\"wpra-item feed-item \">\n        <a href=\"https:\/\/news.google.com\/rss\/articles\/CBMimwFBVV95cUxQZkFRWDdTZDJra0h1Y3BWek5DeWJ5dmVyRkFIYVYwbFJmNjV1T29tTW5CTEFFVV9feWMxTGpiUEJMV3hYcHE5SWFJam40MFgtZzZPNUlROEhRNTZMTEN0RjFNUU9wQU9QQzhpVFR5bHZocWlKYXFHY0Ywd2pYcnBJZkFxQk81RjNQSFFXaV9BVWVIUHktd2p6SElLY9IBoAFBVV95cUxNNDlhUzZJRDczRHBKOENCNXFQVjFrX1JXTlNJMTZPM0hfSFUyTDVmS0lrOWdMSjN2OFpaYnBtX3FJcGRWRklqcFhLVjNGandsdEpSbGNVMnh4b08wcnlpZDdHdFFTTmJzS2pWUEQ3R1FldEZHeGN5c0RPVVQycUY2dUNiaF9xdll1RURaaldQdW1GOG52VXlqYjBkX1ZGeE5I?oc=5\" class=\"\" target=\"_blank\" rel=\"\" style=\"\">Poland registers first same-sex marriage after court's ruling - PBS<\/a>\n\n        <div class=\"wprss-feed-meta\">\n                <span class=\"feed-source\">\n        \u0179r\u00f3d\u0142o: <a href=\"https:\/\/news.google.com\/rss\/search?q=Polen+LGBT&amp;hl=en&amp;gl=US&amp;ceid=US:en\" class=\"\" target=\"_blank\" rel=\"\" style=\"\">google-news-polen-lgbt-en<\/a>\n    <\/span>\n                <span class=\"feed-date\">\n        Opublikowano: 2026-05-14\n    <\/span>\n            \n        <\/div>\n\n        \n    <\/li>    <li class=\"wpra-item feed-item \">\n        <a href=\"https:\/\/news.google.com\/rss\/articles\/CBMimAFBVV95cUxPZnJUTk1DQi1hMTktRkhfbDdPTWlwVE5XYzFnelAzYzFBNHFnSlQ5V2JvSEtvQmtqSm9jdlhmQzU4TGhMbVUwa2dZVHFBT2t4cHRRcVViTXlfM2YyVkVCeDdYZGtFaEFpMVdoMFFqaS1fWXk1Nnh4UFdySmxreDRMOUYyLWtmLWtfSzVWY0FXMDRHU0F0M09QVw?oc=5\" class=\"\" target=\"_blank\" rel=\"\" style=\"\">Donald Tusk apologises to LGBTQ+ people as Poland moves to recognise same-sex marriage - attitude.co.uk<\/a>\n\n        <div class=\"wprss-feed-meta\">\n                <span class=\"feed-source\">\n        \u0179r\u00f3d\u0142o: <a href=\"https:\/\/news.google.com\/rss\/search?q=Polen+LGBT&amp;hl=en&amp;gl=US&amp;ceid=US:en\" class=\"\" target=\"_blank\" rel=\"\" style=\"\">google-news-polen-lgbt-en<\/a>\n    <\/span>\n                <span class=\"feed-date\">\n        Opublikowano: 2026-05-13\n    <\/span>\n            \n        <\/div>\n\n        \n    <\/li>    <li class=\"wpra-item feed-item \">\n        <a href=\"https:\/\/news.google.com\/rss\/articles\/CBMixAFBVV95cUxOQUVLY19vLVd1ckZWV1l3NEhibnFBSGJ6VzVvT0NpUnFvc1RKMmd2aVgxakFZYzFQa3B6a3pVZURoSlN2VUZDTEZHYnhUSFdHLVpQUmN4UG1nQ3dkYzJuYXJqV2xnN1VJYTh1X2QzMnZOMmt1LTN2RVlodlJ0V3FLaWI4a21aZDlVNTh5MXJ4WDZzQ3V6REtlTEdwWkhsM3l5RzJfOF9EVHZicnYzYmkycnY3Mi1jTTJGeWlQX3NGcE92UHRI?oc=5\" class=\"\" target=\"_blank\" rel=\"\" style=\"\">Poland's leader promises to start recognizing foreign same-sex marriages, after EU court ruling - lgbtqnation.com<\/a>\n\n        <div class=\"wprss-feed-meta\">\n                <span class=\"feed-source\">\n        \u0179r\u00f3d\u0142o: <a href=\"https:\/\/news.google.com\/rss\/search?q=Polen+LGBT&amp;hl=en&amp;gl=US&amp;ceid=US:en\" class=\"\" target=\"_blank\" rel=\"\" style=\"\">google-news-polen-lgbt-en<\/a>\n    <\/span>\n                <span class=\"feed-date\">\n        Opublikowano: 2026-05-12\n    <\/span>\n            \n        <\/div>\n\n        \n    <\/li>    <li class=\"wpra-item feed-item \">\n        <a href=\"https:\/\/news.google.com\/rss\/articles\/CBMiwgFBVV95cUxNUXd3VVROOWlxSDN2dmxqcjBuM1ZHcE1uS2FiczRhLXN5bnp0bFI2Z3l1YlJvdjhyYmNkQmpqV1NCbm1rMGdfMC12cVQzN3VYb1NmbTFySnN6eXliUE41X1Nrb3lYblBoYlJDd3JVSk1mWjNfZnFEeEpBSC1iOGhaaWQ2Vmh2ZTU0VUE1NTlScnVwQ0FJN0gxOUZsbFB0dWtIaUlJWXVEdmxKakM0RGMyQkpzaFVFVG5VYU1KV1lQLUtnQQ?oc=5\" class=\"\" target=\"_blank\" rel=\"\" style=\"\">Schwuler Aktivist: \u201eWir sehen mal wieder die homophobe Fratze in Polen\u201c - Berliner Morgenpost<\/a>\n\n        <div class=\"wprss-feed-meta\">\n                <span class=\"feed-source\">\n        \u0179r\u00f3d\u0142o: <a href=\"https:\/\/news.google.com\/rss\/search?q=Polen+LGBT&amp;hl=de&amp;gl=DE&amp;ceid=DE:de\" class=\"\" target=\"_blank\" rel=\"\" style=\"\">google-news-polen-lgbt-de<\/a>\n    <\/span>\n                <span class=\"feed-date\">\n        Opublikowano: 2026-05-04\n    <\/span>\n            \n        <\/div>\n\n        \n    <\/li>    <li class=\"wpra-item feed-item \">\n        <a href=\"https:\/\/news.google.com\/rss\/articles\/CBMiYkFVX3lxTE1oRHZHNndRWlV5S0NBWkRBS2ZxWFRpT2JPbnAwS0Zsb0JPdDFqdmRYZU5nelpIamhXUVF5cVJoTDA4VF92TlI1VmZzZFUzdVRaMWVDdTRWN1JCUHBFd2lNS3l3?oc=5\" class=\"\" target=\"_blank\" rel=\"\" style=\"\">Queerfeindlichkeit in Polen: Wo bleibt die Ehe f\u00fcr alle? - taz.de<\/a>\n\n        <div class=\"wprss-feed-meta\">\n                <span class=\"feed-source\">\n        \u0179r\u00f3d\u0142o: <a href=\"https:\/\/news.google.com\/rss\/search?q=Polen+LGBT&amp;hl=de&amp;gl=DE&amp;ceid=DE:de\" class=\"\" target=\"_blank\" rel=\"\" style=\"\">google-news-polen-lgbt-de<\/a>\n    <\/span>\n                <span class=\"feed-date\">\n        Opublikowano: 2026-04-26\n    <\/span>\n            \n        <\/div>\n\n        \n    <\/li>    <li class=\"wpra-item feed-item \">\n        <a href=\"https:\/\/news.google.com\/rss\/articles\/CBMi8AFBVV95cUxPZG54MHpnVEJuVFZ4V3lJV0lSOWhfeml6MVZSOUxOYV9JMUxSV042TkxXcVM4eEtWWW55c3FjNGFLdzQybTd4OEFSNmhjYVd6d1dFOFkxREF3VE9jLVhWMnJHYUMxblFrS1YzVmlINFR5bHZUSm8tLVFma0pFS21oMXJEcDZzSXFSaDBwejN6Q0FhU0Z6bGdpWUxyWFg1V2ZXSlltdHdEaFozcklIcERDMXBkMXhBa0JxNHJ5OXlZbXhZdWx5QVZzcU85SVU5bURrQ0tjRVpNX21RVk1TZGxkLTZpeFBjSS1vYTdVZndmR0w?oc=5\" class=\"\" target=\"_blank\" rel=\"\" style=\"\">LGBT activists protest in Warsaw, accuse Polish government of defying EU court rulings on same-sex marriages - polskieradio.pl<\/a>\n\n        <div class=\"wprss-feed-meta\">\n                <span class=\"feed-source\">\n        \u0179r\u00f3d\u0142o: <a href=\"https:\/\/news.google.com\/rss\/search?q=Polen+LGBT&amp;hl=de&amp;gl=PL&amp;ceid=PL:pl\" class=\"\" target=\"_blank\" rel=\"\" style=\"\">google-news-polen-lgbt-pl<\/a>\n    <\/span>\n                <span class=\"feed-date\">\n        Opublikowano: 2026-04-25\n    <\/span>\n            \n        <\/div>\n\n        \n    <\/li>    <li class=\"wpra-item feed-item \">\n        <a href=\"https:\/\/news.google.com\/rss\/articles\/CBMiakFVX3lxTFBjUkxhQ0ZMSXVhRExmby1PR3lYaU5lVDJxd2tWVkZ5MVhiUjJ3NU1fSjFTTElXM2Zwa3YwM2NSREw1QzFaODd2QUZTNTlMRDBuUTNoTFFNcktvSG5udUtNaVVOWjA5aWRVcVE?oc=5\" class=\"\" target=\"_blank\" rel=\"\" style=\"\">\u201eDie homophobe Fratze des politischen Establishments\u201c - taz.de<\/a>\n\n        <div class=\"wprss-feed-meta\">\n                <span class=\"feed-source\">\n        \u0179r\u00f3d\u0142o: <a href=\"https:\/\/news.google.com\/rss\/search?q=Polen+LGBT&amp;hl=de&amp;gl=DE&amp;ceid=DE:de\" class=\"\" target=\"_blank\" rel=\"\" style=\"\">google-news-polen-lgbt-de<\/a>\n    <\/span>\n                <span class=\"feed-date\">\n        Opublikowano: 2026-04-24\n    <\/span>\n            \n        <\/div>\n\n        \n    <\/li>    <li class=\"wpra-item feed-item \">\n        <a href=\"https:\/\/news.google.com\/rss\/articles\/CBMiwwFBVV95cUxOMkFVeWFRS281QzUxOGtSV0E0dF95STB1S1g3c3c3QzNVbjFkRC15LUxFTm95OU1DbkhoeTFjcm1fMl9GUHRJeDk3UVhEcTFsT0ZJUFNxZEVnUzBISk05US1fd2ZUZFVDb2t2eG1GcUdoT1JnVTJmU3RTQl9DVlN6SU55RHJWNnF5WjQ2aXZaWlpZSks4WlRIN3J4N3RLMmw1a0lPTnNLMXl1MzN1ckxQS2V5ZUNyN184cS1jTUJiUEdSMDQ?oc=5\" class=\"\" target=\"_blank\" rel=\"\" style=\"\">Poland says court ruling on same-sex marriage needs broader legal changes - polskieradio.pl<\/a>\n\n        <div class=\"wprss-feed-meta\">\n                <span class=\"feed-source\">\n        \u0179r\u00f3d\u0142o: <a href=\"https:\/\/news.google.com\/rss\/search?q=Polen+LGBT&amp;hl=de&amp;gl=PL&amp;ceid=PL:pl\" class=\"\" target=\"_blank\" rel=\"\" style=\"\">google-news-polen-lgbt-pl<\/a>\n    <\/span>\n                <span class=\"feed-date\">\n        Opublikowano: 2026-04-16\n    <\/span>\n            \n        <\/div>\n\n        \n    <\/li>    <li class=\"wpra-item feed-item \">\n        <a href=\"https:\/\/news.google.com\/rss\/articles\/CBMimAFBVV95cUxNbl9oUFp6T1RINS1VeUpXZU4wOWxGSk9ndVRXb1JPQkxWcHJXekZJM25HWHJfR0V2UEVuUG91UExpVHZUVHJLSFlhUWdoX2ZiMF9BSjh1bGJZWVZxVW1oWUJ4N0tvS3dubGV2NmhYZmxWM0dKbUp0bV8tTUw4eUE1cFB5VE5IdUpYenlzd21sdnFsQUdkdm1FZw?oc=5\" class=\"\" target=\"_blank\" rel=\"\" style=\"\">LGBT+ Film Festival 2026: Znamy pe\u0142ny program i daty. Co w repertuarze? - Queer.pl<\/a>\n\n        <div class=\"wprss-feed-meta\">\n                <span class=\"feed-source\">\n        \u0179r\u00f3d\u0142o: <a href=\"https:\/\/news.google.com\/rss\/search?q=Polen+LGBT&amp;hl=de&amp;gl=PL&amp;ceid=PL:pl\" class=\"\" target=\"_blank\" rel=\"\" style=\"\">google-news-polen-lgbt-pl<\/a>\n    <\/span>\n                <span class=\"feed-date\">\n        Opublikowano: 2026-03-31\n    <\/span>\n            \n        <\/div>\n\n        \n    <\/li>    <li class=\"wpra-item feed-item \">\n        <a href=\"https:\/\/news.google.com\/rss\/articles\/CBMiW0FVX3lxTE1aZEFtS2JZOXNWOE9Nd0syVXRJVW10MVNmckRGR2NUYjdZT1VLdUVRejhTRzdwVGxicU9EZzByMXM2N2liNGctQ1FrQjdEYTA2R3VtMkhiYVF3aXc?oc=5\" class=\"\" target=\"_blank\" rel=\"\" style=\"\">LGBTIQ-Rechte in Polen: Polen muss im EU-Ausland geschlossene Homo-Ehen anerkennen - taz.de<\/a>\n\n        <div class=\"wprss-feed-meta\">\n                <span class=\"feed-source\">\n        \u0179r\u00f3d\u0142o: <a href=\"https:\/\/news.google.com\/rss\/search?q=Polen+LGBT&amp;hl=de&amp;gl=DE&amp;ceid=DE:de\" class=\"\" target=\"_blank\" rel=\"\" style=\"\">google-news-polen-lgbt-de<\/a>\n    <\/span>\n                <span class=\"feed-date\">\n        Opublikowano: 2026-03-20\n    <\/span>\n            \n        <\/div>\n\n        \n    <\/li>\n        <\/ol>\n    <\/div> <\/div>\n<hr \/>\n<h4>feed-Reader:<\/h4>\n<p><a href=\"https:\/\/rssviewer.app\/\" target=\"_blank\" rel=\"noopener noreferrer\">rssviewer.app<\/a><\/p>\n<h4>feed-Seiten (rss und atom) checken und validieren:<\/h4>\n<p><a href=\"https:\/\/validator.w3.org\/feed\/\" target=\"_blank\" rel=\"noopener noreferrer\">validator.w3.org\/feed\/<\/a><br \/>\n<a href=\"https:\/\/www.rssboard.org\/rss-validator\/\" target=\"_blank\" rel=\"noopener noreferrer\">rssboard.org\/rss-validator\/<\/a><\/p>\n<div class=\"shariff\"><ul class=\"shariff-buttons theme-default orientation-horizontal buttonsize-medium\"><li class=\"shariff-button mastodon shariff-nocustomcolor\" style=\"background-color:#563ACC\"><a href=\"https:\/\/s2f.kytta.dev\/?text=Portal%20informacyjny https%3A%2F%2Fpartnerschaftsverein-adelebsen.de%2Fpl%2Fnews-portal\" title=\"Udost\u0119pnij na Mastodonu\" aria-label=\"Udost\u0119pnij na Mastodonu\" role=\"button\" rel=\"noopener nofollow\" class=\"shariff-link\" style=\"; background-color:#6364FF; color:#fff\" target=\"_blank\"><span class=\"shariff-icon\" style=\"\"><svg width=\"75\" height=\"79\" viewBox=\"0 0 75 79\" fill=\"none\" xmlns=\"http:\/\/www.w3.org\/2000\/svg\"><path d=\"M37.813-.025C32.462-.058 27.114.13 21.79.598c-8.544.621-17.214 5.58-20.203 13.931C-1.12 23.318.408 32.622.465 41.65c.375 7.316.943 14.78 3.392 21.73 4.365 9.465 14.781 14.537 24.782 15.385 7.64.698 15.761-.213 22.517-4.026a54.1 54.1 0 0 0 .01-6.232c-6.855 1.316-14.101 2.609-21.049 1.074-3.883-.88-6.876-4.237-7.25-8.215-1.53-3.988 3.78-.43 5.584-.883 9.048 1.224 18.282.776 27.303-.462 7.044-.837 14.26-4.788 16.65-11.833 2.263-6.135 1.215-12.79 1.698-19.177.06-3.84.09-7.692-.262-11.52C72.596 7.844 63.223.981 53.834.684a219.453 219.453 0 0 0-16.022-.71zm11.294 12.882c5.5-.067 10.801 4.143 11.67 9.653.338 1.48.471 3 .471 4.515v21.088h-8.357c-.07-7.588.153-15.182-.131-22.765-.587-4.368-7.04-5.747-9.672-2.397-2.422 3.04-1.47 7.155-1.67 10.735v6.392h-8.307c-.146-4.996.359-10.045-.404-15.002-1.108-4.218-7.809-5.565-10.094-1.666-1.685 3.046-.712 6.634-.976 9.936v14.767h-8.354c.109-8.165-.238-16.344.215-24.5.674-5.346 5.095-10.389 10.676-10.627 4.902-.739 10.103 2.038 12.053 6.631.375 1.435 1.76 1.932 1.994.084 1.844-3.704 5.501-6.739 9.785-6.771.367-.044.735-.068 1.101-.073z\"\/><defs><linearGradient id=\"paint0_linear_549_34\" x1=\"37.0692\" y1=\"0\" x2=\"37.0692\" y2=\"79\" gradientUnits=\"userSpaceOnUse\"><stop stop-color=\"#6364FF\"\/><stop offset=\"1\" stop-color=\"#563ACC\"\/><\/linearGradient><\/defs><\/svg><\/span><span class=\"shariff-text\">udost\u0119pnij<\/span>&nbsp;<\/a><\/li><li class=\"shariff-button facebook shariff-nocustomcolor\" style=\"background-color:#4273c8\"><a href=\"https:\/\/www.facebook.com\/sharer\/sharer.php?u=https%3A%2F%2Fpartnerschaftsverein-adelebsen.de%2Fpl%2Fnews-portal\" title=\"Udost\u0119pnij na Facebooku\" aria-label=\"Udost\u0119pnij na Facebooku\" role=\"button\" rel=\"nofollow\" class=\"shariff-link\" style=\"; background-color:#3b5998; color:#fff\" target=\"_blank\"><span class=\"shariff-icon\" style=\"\"><svg width=\"32px\" height=\"20px\" xmlns=\"http:\/\/www.w3.org\/2000\/svg\" viewBox=\"0 0 18 32\"><path fill=\"#3b5998\" d=\"M17.1 0.2v4.7h-2.8q-1.5 0-2.1 0.6t-0.5 1.9v3.4h5.2l-0.7 5.3h-4.5v13.6h-5.5v-13.6h-4.5v-5.3h4.5v-3.9q0-3.3 1.9-5.2t5-1.8q2.6 0 4.1 0.2z\"\/><\/svg><\/span><span class=\"shariff-text\">udost\u0119pnij<\/span>&nbsp;<\/a><\/li><li class=\"shariff-button linkedin shariff-nocustomcolor\" style=\"background-color:#1488bf\"><a href=\"https:\/\/www.linkedin.com\/sharing\/share-offsite\/?url=https%3A%2F%2Fpartnerschaftsverein-adelebsen.de%2Fpl%2Fnews-portal\" title=\"Udost\u0119pnij przez LinkedIn\" aria-label=\"Udost\u0119pnij przez LinkedIn\" role=\"button\" rel=\"noopener nofollow\" class=\"shariff-link\" style=\"; background-color:#0077b5; color:#fff\" target=\"_blank\"><span class=\"shariff-icon\" style=\"\"><svg width=\"32px\" height=\"20px\" xmlns=\"http:\/\/www.w3.org\/2000\/svg\" viewBox=\"0 0 27 32\"><path fill=\"#0077b5\" d=\"M6.2 11.2v17.7h-5.9v-17.7h5.9zM6.6 5.7q0 1.3-0.9 2.2t-2.4 0.9h0q-1.5 0-2.4-0.9t-0.9-2.2 0.9-2.2 2.4-0.9 2.4 0.9 0.9 2.2zM27.4 18.7v10.1h-5.9v-9.5q0-1.9-0.7-2.9t-2.3-1.1q-1.1 0-1.9 0.6t-1.2 1.5q-0.2 0.5-0.2 1.4v9.9h-5.9q0-7.1 0-11.6t0-5.3l0-0.9h5.9v2.6h0q0.4-0.6 0.7-1t1-0.9 1.6-0.8 2-0.3q3 0 4.9 2t1.9 6z\"\/><\/svg><\/span><span class=\"shariff-text\">udost\u0119pnij<\/span>&nbsp;<\/a><\/li><li class=\"shariff-button info shariff-nocustomcolor\" style=\"background-color:#eee\"><a href=\"http:\/\/ct.de\/-2467514\" title=\"Wi\u0119cej informacji\" aria-label=\"Wi\u0119cej informacji\" role=\"button\" rel=\"noopener \" class=\"shariff-link\" style=\"; background-color:#fff; color:#fff\" target=\"_blank\"><span class=\"shariff-icon\" style=\"\"><svg width=\"32px\" height=\"20px\" xmlns=\"http:\/\/www.w3.org\/2000\/svg\" viewBox=\"0 0 11 32\"><path fill=\"#999\" d=\"M11.4 24v2.3q0 0.5-0.3 0.8t-0.8 0.4h-9.1q-0.5 0-0.8-0.4t-0.4-0.8v-2.3q0-0.5 0.4-0.8t0.8-0.4h1.1v-6.8h-1.1q-0.5 0-0.8-0.4t-0.4-0.8v-2.3q0-0.5 0.4-0.8t0.8-0.4h6.8q0.5 0 0.8 0.4t0.4 0.8v10.3h1.1q0.5 0 0.8 0.4t0.3 0.8zM9.2 3.4v3.4q0 0.5-0.4 0.8t-0.8 0.4h-4.6q-0.4 0-0.8-0.4t-0.4-0.8v-3.4q0-0.4 0.4-0.8t0.8-0.4h4.6q0.5 0 0.8 0.4t0.4 0.8z\"\/><\/svg><\/span><\/a><\/li><\/ul><\/div>","protected":false},"excerpt":{"rendered":"<p>Polen &#8211; PL Polen Heute wszystkoconajwazniejsze.pl (Wszystko Co Najwa\u017cniejsze) Gazeta Wyborcza.pl Die \u201eGazeta Wyborcza\u201c ist Teil der Zeitungskooperation Leading European Newspaper Alliance <a class=\"more-link\" href=\"https:\/\/partnerschaftsverein-adelebsen.de\/pl\/news-portal\">weiterlesen&#8230;<\/a><\/p>\n","protected":false},"author":2,"featured_media":0,"parent":0,"menu_order":0,"comment_status":"closed","ping_status":"closed","template":"","meta":{"footnotes":""},"class_list":["post-1466","page","type-page","status-publish","hentry"],"yoast_head":"<!-- This site is optimized with the Yoast SEO plugin v28.4 - https:\/\/yoast.com\/product\/yoast-seo-wordpress\/ -->\n<title>Portal informacyjny - Partnerstwo Ostr\u00f3wek, Wielu\u0144 &amp; Adelebsen<\/title>\n<meta name=\"description\" content=\"Seiten zu deutsch-polnischen Themen und Nachrichten aus Wielu\u0144 und Adelebsen.\" \/>\n<meta name=\"robots\" content=\"noindex, nofollow\" \/>\n<meta property=\"og:locale\" content=\"pl_PL\" \/>\n<meta property=\"og:type\" content=\"article\" \/>\n<meta property=\"og:title\" content=\"Portal informacyjny - Partnerstwo Ostr\u00f3wek, Wielu\u0144 &amp; Adelebsen\" \/>\n<meta property=\"og:description\" content=\"Seiten zu deutsch-polnischen Themen und Nachrichten aus Wielu\u0144 und Adelebsen.\" \/>\n<meta property=\"og:url\" content=\"https:\/\/partnerschaftsverein-adelebsen.de\/pl\/news-portal\" \/>\n<meta property=\"og:site_name\" content=\"Partnerstwo Ostr\u00f3wek, Wielu\u0144 &amp; Adelebsen\" \/>\n<meta property=\"article:publisher\" content=\"https:\/\/www.facebook.com\/groups\/Partnerschaftsverein.Adelebsen\/\" \/>\n<meta property=\"article:modified_time\" content=\"2025-06-07T15:41:45+00:00\" \/>\n<meta name=\"twitter:card\" content=\"summary_large_image\" \/>\n<meta name=\"twitter:label1\" content=\"Szacowany czas czytania\" \/>\n\t<meta name=\"twitter:data1\" content=\"2 minuty\" \/>\n<script type=\"application\/ld+json\" class=\"yoast-schema-graph\">{\"@context\":\"https:\\\/\\\/schema.org\",\"@graph\":[{\"@type\":[\"WebPage\",\"CollectionPage\"],\"@id\":\"https:\\\/\\\/partnerschaftsverein-adelebsen.de\\\/pl\\\/news-portal\",\"url\":\"https:\\\/\\\/partnerschaftsverein-adelebsen.de\\\/pl\\\/news-portal\",\"name\":\"Portal informacyjny - Partnerstwo Ostr\u00f3wek, Wielu\u0144 &amp; Adelebsen\",\"isPartOf\":{\"@id\":\"https:\\\/\\\/partnerschaftsverein-adelebsen.de\\\/pl\\\/#website\"},\"datePublished\":\"2019-07-31T18:54:02+00:00\",\"dateModified\":\"2025-06-07T15:41:45+00:00\",\"description\":\"Seiten zu deutsch-polnischen Themen und Nachrichten aus Wielu\u0144 und Adelebsen.\",\"breadcrumb\":{\"@id\":\"https:\\\/\\\/partnerschaftsverein-adelebsen.de\\\/pl\\\/news-portal#breadcrumb\"},\"inLanguage\":\"pl-PL\"},{\"@type\":\"BreadcrumbList\",\"@id\":\"https:\\\/\\\/partnerschaftsverein-adelebsen.de\\\/pl\\\/news-portal#breadcrumb\",\"itemListElement\":[{\"@type\":\"ListItem\",\"position\":1,\"name\":\"Startseite\",\"item\":\"https:\\\/\\\/partnerschaftsverein-adelebsen.de\\\/pl\\\/\"},{\"@type\":\"ListItem\",\"position\":2,\"name\":\"Nachrichten-Portal\"}]},{\"@type\":\"WebSite\",\"@id\":\"https:\\\/\\\/partnerschaftsverein-adelebsen.de\\\/pl\\\/#website\",\"url\":\"https:\\\/\\\/partnerschaftsverein-adelebsen.de\\\/pl\\\/\",\"name\":\"Partnerstwo Ostr\u00f3wek, Wielu\u0144 &amp; Adelebsen\",\"description\":\"Stowarzyszenie partnerskie Adelebsen\",\"publisher\":{\"@id\":\"https:\\\/\\\/partnerschaftsverein-adelebsen.de\\\/pl\\\/#organization\"},\"potentialAction\":[{\"@type\":\"SearchAction\",\"target\":{\"@type\":\"EntryPoint\",\"urlTemplate\":\"https:\\\/\\\/partnerschaftsverein-adelebsen.de\\\/pl\\\/?s={search_term_string}\"},\"query-input\":{\"@type\":\"PropertyValueSpecification\",\"valueRequired\":true,\"valueName\":\"search_term_string\"}}],\"inLanguage\":\"pl-PL\"},{\"@type\":\"Organization\",\"@id\":\"https:\\\/\\\/partnerschaftsverein-adelebsen.de\\\/pl\\\/#organization\",\"name\":\"F\u00f6rderverein der Partnerschaften Ostrowek, Wielun und Adelebsen e.V.\",\"url\":\"https:\\\/\\\/partnerschaftsverein-adelebsen.de\\\/pl\\\/\",\"logo\":{\"@type\":\"ImageObject\",\"inLanguage\":\"pl-PL\",\"@id\":\"https:\\\/\\\/partnerschaftsverein-adelebsen.de\\\/pl\\\/#\\\/schema\\\/logo\\\/image\\\/\",\"url\":\"https:\\\/\\\/partnerschaftsverein-adelebsen.de\\\/wp-content\\\/uploads\\\/2016\\\/08\\\/pv-logo-06.png\",\"contentUrl\":\"https:\\\/\\\/partnerschaftsverein-adelebsen.de\\\/wp-content\\\/uploads\\\/2016\\\/08\\\/pv-logo-06.png\",\"width\":544,\"height\":674,\"caption\":\"F\u00f6rderverein der Partnerschaften Ostrowek, Wielun und Adelebsen e.V.\"},\"image\":{\"@id\":\"https:\\\/\\\/partnerschaftsverein-adelebsen.de\\\/pl\\\/#\\\/schema\\\/logo\\\/image\\\/\"},\"sameAs\":[\"https:\\\/\\\/www.facebook.com\\\/groups\\\/Partnerschaftsverein.Adelebsen\\\/\"]}]}<\/script>\n<!-- \/ Yoast SEO plugin. -->","yoast_head_json":{"title":"Portal informacyjny - Partnerstwo Ostr\u00f3wek, Wielu\u0144 &amp; Adelebsen","description":"Seiten zu deutsch-polnischen Themen und Nachrichten aus Wielu\u0144 und Adelebsen.","robots":{"index":"noindex","follow":"nofollow"},"og_locale":"pl_PL","og_type":"article","og_title":"Portal informacyjny - Partnerstwo Ostr\u00f3wek, Wielu\u0144 &amp; Adelebsen","og_description":"Seiten zu deutsch-polnischen Themen und Nachrichten aus Wielu\u0144 und Adelebsen.","og_url":"https:\/\/partnerschaftsverein-adelebsen.de\/pl\/news-portal","og_site_name":"Partnerstwo Ostr\u00f3wek, Wielu\u0144 &amp; Adelebsen","article_publisher":"https:\/\/www.facebook.com\/groups\/Partnerschaftsverein.Adelebsen\/","article_modified_time":"2025-06-07T15:41:45+00:00","twitter_card":"summary_large_image","twitter_misc":{"Szacowany czas czytania":"2 minuty"},"schema":{"@context":"https:\/\/schema.org","@graph":[{"@type":["WebPage","CollectionPage"],"@id":"https:\/\/partnerschaftsverein-adelebsen.de\/pl\/news-portal","url":"https:\/\/partnerschaftsverein-adelebsen.de\/pl\/news-portal","name":"Portal informacyjny - Partnerstwo Ostr\u00f3wek, Wielu\u0144 &amp; Adelebsen","isPartOf":{"@id":"https:\/\/partnerschaftsverein-adelebsen.de\/pl\/#website"},"datePublished":"2019-07-31T18:54:02+00:00","dateModified":"2025-06-07T15:41:45+00:00","description":"Seiten zu deutsch-polnischen Themen und Nachrichten aus Wielu\u0144 und Adelebsen.","breadcrumb":{"@id":"https:\/\/partnerschaftsverein-adelebsen.de\/pl\/news-portal#breadcrumb"},"inLanguage":"pl-PL"},{"@type":"BreadcrumbList","@id":"https:\/\/partnerschaftsverein-adelebsen.de\/pl\/news-portal#breadcrumb","itemListElement":[{"@type":"ListItem","position":1,"name":"Startseite","item":"https:\/\/partnerschaftsverein-adelebsen.de\/pl\/"},{"@type":"ListItem","position":2,"name":"Nachrichten-Portal"}]},{"@type":"WebSite","@id":"https:\/\/partnerschaftsverein-adelebsen.de\/pl\/#website","url":"https:\/\/partnerschaftsverein-adelebsen.de\/pl\/","name":"Partnerstwo Ostr\u00f3wek, Wielu\u0144 &amp; Adelebsen","description":"Stowarzyszenie partnerskie Adelebsen","publisher":{"@id":"https:\/\/partnerschaftsverein-adelebsen.de\/pl\/#organization"},"potentialAction":[{"@type":"SearchAction","target":{"@type":"EntryPoint","urlTemplate":"https:\/\/partnerschaftsverein-adelebsen.de\/pl\/?s={search_term_string}"},"query-input":{"@type":"PropertyValueSpecification","valueRequired":true,"valueName":"search_term_string"}}],"inLanguage":"pl-PL"},{"@type":"Organization","@id":"https:\/\/partnerschaftsverein-adelebsen.de\/pl\/#organization","name":"F\u00f6rderverein der Partnerschaften Ostrowek, Wielun und Adelebsen e.V.","url":"https:\/\/partnerschaftsverein-adelebsen.de\/pl\/","logo":{"@type":"ImageObject","inLanguage":"pl-PL","@id":"https:\/\/partnerschaftsverein-adelebsen.de\/pl\/#\/schema\/logo\/image\/","url":"https:\/\/partnerschaftsverein-adelebsen.de\/wp-content\/uploads\/2016\/08\/pv-logo-06.png","contentUrl":"https:\/\/partnerschaftsverein-adelebsen.de\/wp-content\/uploads\/2016\/08\/pv-logo-06.png","width":544,"height":674,"caption":"F\u00f6rderverein der Partnerschaften Ostrowek, Wielun und Adelebsen e.V."},"image":{"@id":"https:\/\/partnerschaftsverein-adelebsen.de\/pl\/#\/schema\/logo\/image\/"},"sameAs":["https:\/\/www.facebook.com\/groups\/Partnerschaftsverein.Adelebsen\/"]}]}},"_links":{"self":[{"href":"https:\/\/partnerschaftsverein-adelebsen.de\/pl\/wp-json\/wp\/v2\/pages\/1466","targetHints":{"allow":["GET"]}}],"collection":[{"href":"https:\/\/partnerschaftsverein-adelebsen.de\/pl\/wp-json\/wp\/v2\/pages"}],"about":[{"href":"https:\/\/partnerschaftsverein-adelebsen.de\/pl\/wp-json\/wp\/v2\/types\/page"}],"author":[{"embeddable":true,"href":"https:\/\/partnerschaftsverein-adelebsen.de\/pl\/wp-json\/wp\/v2\/users\/2"}],"replies":[{"embeddable":true,"href":"https:\/\/partnerschaftsverein-adelebsen.de\/pl\/wp-json\/wp\/v2\/comments?post=1466"}],"version-history":[{"count":6,"href":"https:\/\/partnerschaftsverein-adelebsen.de\/pl\/wp-json\/wp\/v2\/pages\/1466\/revisions"}],"predecessor-version":[{"id":1835169,"href":"https:\/\/partnerschaftsverein-adelebsen.de\/pl\/wp-json\/wp\/v2\/pages\/1466\/revisions\/1835169"}],"wp:attachment":[{"href":"https:\/\/partnerschaftsverein-adelebsen.de\/pl\/wp-json\/wp\/v2\/media?parent=1466"}],"curies":[{"name":"wp","href":"https:\/\/api.w.org\/{rel}","templated":true}]}}